{"id":1947,"date":"2024-09-23T02:05:27","date_gmt":"2024-09-23T02:05:27","guid":{"rendered":"https:\/\/demo.casethemes.net\/archio-elementor\/?page_id=1947"},"modified":"2025-09-10T11:46:58","modified_gmt":"2025-09-10T09:46:58","slug":"servicios-urbanismo","status":"publish","type":"page","link":"https:\/\/pablomartinhevia.com\/en\/servicios-urbanismo\/","title":{"rendered":"Servicios de Urbanismo de Pablo Mart\u00edn Hevia Arquitecto"},"content":{"rendered":"<div data-elementor-type=\"wp-page\" data-elementor-id=\"1947\" class=\"elementor elementor-1947\" data-elementor-post-type=\"page\">\n\t\t\t\t        <section class=\"elementor-section elementor-top-section elementor-element elementor-element-af222dc elementor-section-boxed elementor-section-height-default elementor-section-height-default pxl-row-scroll-none pxl-zoom-point-false pxl-section-overflow-visible pxl-section-fix-none pxl-bg-color-none pxl-section-overlay-none\" data-id=\"af222dc\" data-element_type=\"section\" data-e-type=\"section\">\n\n                \n                <div class=\"elementor-container elementor-column-gap-default\">\n                <div class=\"elementor-column elementor-col-100 elementor-top-column elementor-element elementor-element-4ef2aa6 pxl-column-none pxl-column-overflow-hidden-no\" data-id=\"4ef2aa6\" data-element_type=\"column\" data-e-type=\"column\">\r\n        <div class=\"elementor-widget-wrap\">\r\n                     \r\n                    <\/div>\r\n        <\/div>\r\n        \t\t\t<\/div>\n\t\t<\/section>\n\t\t        <section class=\"elementor-section elementor-top-section elementor-element elementor-element-d896c03 elementor-section-boxed elementor-section-height-default elementor-section-height-default pxl-row-scroll-none pxl-zoom-point-false pxl-section-overflow-visible pxl-section-fix-none pxl-bg-color-none pxl-section-overlay-none\" data-id=\"d896c03\" data-element_type=\"section\" data-e-type=\"section\">\n\n                \n                <div class=\"elementor-container elementor-column-gap-default\">\n                <div class=\"elementor-column elementor-col-100 elementor-top-column elementor-element elementor-element-86d2e8d pxl-column-none pxl-column-overflow-hidden-no\" data-id=\"86d2e8d\" data-element_type=\"column\" data-e-type=\"column\">\r\n        <div class=\"elementor-widget-wrap elementor-element-populated\">\r\n                     \r\n                <section class=\"elementor-section elementor-inner-section elementor-element elementor-element-921565c elementor-section-boxed elementor-section-height-default elementor-section-height-default pxl-row-scroll-none pxl-zoom-point-false pxl-section-overflow-visible pxl-section-fix-none pxl-bg-color-none pxl-section-overlay-none\" data-id=\"921565c\" data-element_type=\"section\" data-e-type=\"section\">\n\n                \n                <div class=\"elementor-container elementor-column-gap-default\">\n                <div class=\"elementor-column elementor-col-50 elementor-inner-column elementor-element elementor-element-b566ccc pxl-column-none pxl-column-overflow-hidden-no\" data-id=\"b566ccc\" data-element_type=\"column\" data-e-type=\"column\">\r\n        <div class=\"elementor-widget-wrap elementor-element-populated\">\r\n                     \r\n        \t\t<div class=\"elementor-element elementor-element-e80a791 elementor-widget__width-auto elementor-widget elementor-widget-pxl_team_member\" data-id=\"e80a791\" data-element_type=\"widget\" data-e-type=\"widget\" data-widget_type=\"pxl_team_member.default\">\n\t\t\t\t<div class=\"elementor-widget-container\">\n\t\t\t\t\t            <div class=\"pxl-team-member pxl-team-team-member pxl-team-team-member1\">\r\n            <div class=\"pxl-team-member-inner pxl-team-member-masonry row\" data-gutter=\"15\">\r\n                                    <div class=\"pxl-grid-item col-xl- col-lg- col-md- col-sm- col-\">\r\n                        <div class=\"pxl-item--inner\">\r\n                                                            <div class=\"pxl-item--image\">\r\n                                    <img fetchpriority=\"high\" decoding=\"async\" class=\"no-lazyload\" src=\"https:\/\/pablomartinhevia.com\/wp-content\/uploads\/2025\/09\/pablomartinheviaarquitecto-276x415.jpg\" width=\"276\" height=\"415\" alt=\"pablomartinheviaarquitecto\" title=\"pablomartinheviaarquitecto\" \/>                                                                                                                                                    <div class=\"pxl-item--social\">\r\n                                                                                    <\/div>\r\n                                                                    <\/div>\r\n                                                        <div class=\"pxl-item--holder pxl-transition\">\r\n                                <h3 class=\"pxl-item--title\">\r\n                                    <a href=\"\"><\/a>\r\n                                <\/h3>\r\n                                <div class=\"pxl-item--position\"><span><\/span><\/div>\r\n                            <\/div>\r\n                    <\/div>\r\n                    <\/div>\r\n                                <div class=\"grid-sizer col-xl- col-lg- col-md- col-sm- col-\"><\/div>\r\n            <\/div>\r\n        <\/div>\r\n    \t\t\t\t<\/div>\n\t\t\t\t<\/div>\n\t\t            <\/div>\r\n        <\/div>\r\n                <div class=\"elementor-column elementor-col-50 elementor-inner-column elementor-element elementor-element-fab3e3d pxl-column-none pxl-column-overflow-hidden-no\" data-id=\"fab3e3d\" data-element_type=\"column\" data-e-type=\"column\" data-settings=\"{&quot;background_background&quot;:&quot;classic&quot;}\">\r\n        <div class=\"elementor-widget-wrap elementor-element-populated\">\r\n                     \r\n        \t\t<div class=\"elementor-element elementor-element-80aed29 elementor-widget elementor-widget-pxl_text_editor\" data-id=\"80aed29\" data-element_type=\"widget\" data-e-type=\"widget\" data-widget_type=\"pxl_text_editor.default\">\n\t\t\t\t<div class=\"elementor-widget-container\">\n\t\t\t\t\t<div class=\"pxl-text-editor\">\n\t<div class=\"pxl-item--inner\" data-wow-delay=\"ms\">\n\t\t<p>Urban planning, land subdivisions, land optimisation, urban heritage conservation.<\/p><p><strong>PLANES PARCIALES Y\/O PROYECTOS DE REPARCELACION<br \/>VIE 01B, Viesques, Gij\u00f3n, 2.002,<br \/>VIE 08, Viesques, Gij\u00f3n, 2.002,<br \/>VIE 09, Viesques, Gij\u00f3n, 2.002.<\/strong><\/p><p><strong>ESTUDIOS DE DETALLE Y\/O PROYECTOS DE REPARCELACION<br \/>VIE 10. Viesques, Gij\u00f3n, 2.002.<br \/><\/strong><strong>LAU 00. El Lauredal, Gij\u00f3n, 2003-2005,<br \/>LAU 01. El Lauredal, Gij\u00f3n, 2003-2005,<br \/>LAU 02. El Lauredal, Gij\u00f3n, 2003-2005,<br \/>LAU 03. El Lauredal, Gij\u00f3n, 2003-2005,<br \/>LAU 04. El Lauredal, Gij\u00f3n, 2003-2005,<br \/>LAU 05. El Lauredal, Gij\u00f3n, 2003-2005,<br \/>LAU 06. El Lauredal, Gij\u00f3n, 2003-2005,<br \/>LAU 07. El Lauredal, Gij\u00f3n, 2003-2005,<br \/>LAU 08. El Lauredal, Gij\u00f3n, 2003-2005.<br \/><\/strong><strong>CER 14. El Cerillero, Gij\u00f3n, 2003-2005.<br \/><\/strong><strong>UE-55 a2, Avda. Pablo Iglesias. Gij\u00f3n, 2.003.<br \/><\/strong><strong>VIE 02. Viesques, Gij\u00f3n, 2.006.<br \/><\/strong><strong>PA-123, Jove, Gij\u00f3n, 2.007.<br \/><\/strong><strong>SAU-D4 VILLAVICIOSA, Villaviciosa, 2023.<\/strong><\/p><p><strong>ESTUDIOS DE IMPLANTACION<br \/>EI para la ampliaci\u00f3n del Edificio del Club de Golf de Castiello, 2007,<br \/>EI de las instalaciones del Club de Golf de Castiello, 2009.<\/strong><\/p><p><strong>OBRAS DE URBANIZACI\u00d3N<br \/><\/strong><strong>Parque y Plaza del Ayuntamiento en Riosa, 1.993.<br \/><\/strong><strong>Adecuaci\u00f3n del entorno del Mercado de Ganados de Riosa, 1.994.<br \/><\/strong><strong>Urbanizaci\u00f3n de las UE VIE 01B, 08, 09. Viesques, Gij\u00f3n, 2.002.<br \/><\/strong><strong>Urbanizaci\u00f3n de la UE VIE 10. Viesques, Gij\u00f3n, 2.003.<br \/><\/strong><strong>Urbanizaci\u00f3n de las UE LAU 00, 01, 02, 03, 04, 05, 06, 07 ,08 y CER 14.<br \/><\/strong><strong>Urbanizaci\u00f3n de la PA-123.Jove, Gij\u00f3n, 2.008.<\/strong><\/p>\t\t\n\t<\/div>\n<\/div>\t\t\t\t<\/div>\n\t\t\t\t<\/div>\n\t\t\t\t<div class=\"elementor-element elementor-element-cf4e15f link-team elementor-widget elementor-widget-pxl_link\" data-id=\"cf4e15f\" data-element_type=\"widget\" data-e-type=\"widget\" data-widget_type=\"pxl_link.default\">\n\t\t\t\t<div class=\"elementor-widget-container\">\n\t\t\t\t\t<div class=\"pxl-link-wrap\">\r\n    <h3 class=\"pxl-widget-title pxl-empty\"><\/h3>\r\n            <ul id=\"pxl-link-pxl_link-cf4e15f-6769\" class=\"pxl-link pxl-link-l1 style-default type-horizontal\">\r\n                                <li class=\"pxl-item--link\">\r\n                        <a class=\"\" href=\"tel: 677780704\">\r\n                                                            <span class=\"pxl-link--icon bg-normal\">\r\n                                    <i aria-hidden=\"true\" class=\"flaticon flaticon-phone\"><\/i>                                <\/span>\r\n                                                        <span class=\"pxl-link--text\">\n+34 677 780 704<\/span>\r\n                        <\/a>\r\n                    <\/li>\r\n                                <li class=\"pxl-item--link\">\r\n                        <a class=\"\" href=\"mailto:pablomartin@arquiapro.com\">\r\n                                                            <span class=\"pxl-link--icon bg-normal\">\r\n                                    <i aria-hidden=\"true\" class=\"fas fa-envelope\"><\/i>                                <\/span>\r\n                                                        <span class=\"pxl-link--text\">\npablomartin@arquiapro.com<\/span>\r\n                        <\/a>\r\n                    <\/li>\r\n                    <\/ul>\r\n    <\/div>\t\t\t\t<\/div>\n\t\t\t\t<\/div>\n\t\t            <\/div>\r\n        <\/div>\r\n        \t\t\t<\/div>\n\t\t<\/section>\n\t\t            <\/div>\r\n        <\/div>\r\n        \t\t\t<\/div>\n\t\t<\/section>\n\t\t\t\t<\/div>","protected":false},"excerpt":{"rendered":"<p>Planeamiento urban\u00edstico, parcelaciones, optimizaci\u00f3n del suelo, conservaci\u00f3n del patrimonio urbano. PLANES PARCIALES Y\/O PROYECTOS DE REPARCELACIONVIE 01B, Viesques, Gij\u00f3n, 2.002,VIE 08, Viesques, Gij\u00f3n, 2.002,VIE 09, Viesques, Gij\u00f3n, 2.002. ESTUDIOS DE DETALLE Y\/O PROYECTOS DE REPARCELACIONVIE 10. Viesques, Gij\u00f3n, 2.002.LAU 00. El Lauredal, Gij\u00f3n, 2003-2005,LAU 01. El Lauredal, Gij\u00f3n, 2003-2005,LAU 02. El Lauredal, Gij\u00f3n, 2003-2005,LAU 03. [&hellip;]<\/p>\n","protected":false},"author":1,"featured_media":0,"parent":0,"menu_order":0,"comment_status":"closed","ping_status":"closed","template":"","meta":{"footnotes":""},"class_list":["post-1947","page","type-page","status-publish","hentry"],"_links":{"self":[{"href":"https:\/\/pablomartinhevia.com\/en\/wp-json\/wp\/v2\/pages\/1947","targetHints":{"allow":["GET"]}}],"collection":[{"href":"https:\/\/pablomartinhevia.com\/en\/wp-json\/wp\/v2\/pages"}],"about":[{"href":"https:\/\/pablomartinhevia.com\/en\/wp-json\/wp\/v2\/types\/page"}],"author":[{"embeddable":true,"href":"https:\/\/pablomartinhevia.com\/en\/wp-json\/wp\/v2\/users\/1"}],"replies":[{"embeddable":true,"href":"https:\/\/pablomartinhevia.com\/en\/wp-json\/wp\/v2\/comments?post=1947"}],"version-history":[{"count":94,"href":"https:\/\/pablomartinhevia.com\/en\/wp-json\/wp\/v2\/pages\/1947\/revisions"}],"predecessor-version":[{"id":7324,"href":"https:\/\/pablomartinhevia.com\/en\/wp-json\/wp\/v2\/pages\/1947\/revisions\/7324"}],"wp:attachment":[{"href":"https:\/\/pablomartinhevia.com\/en\/wp-json\/wp\/v2\/media?parent=1947"}],"curies":[{"name":"wp","href":"https:\/\/api.w.org\/{rel}","templated":true}]}}