{"id":5351,"date":"2025-06-27T10:03:56","date_gmt":"2025-06-27T08:03:56","guid":{"rendered":"https:\/\/pablomartinhevia.com\/?page_id=5351"},"modified":"2025-07-23T11:51:34","modified_gmt":"2025-07-23T09:51:34","slug":"referentes_arquitectura","status":"publish","type":"page","link":"https:\/\/pablomartinhevia.com\/en\/referentes_arquitectura\/","title":{"rendered":"References"},"content":{"rendered":"<div data-elementor-type=\"wp-page\" data-elementor-id=\"5351\" class=\"elementor elementor-5351\" data-elementor-post-type=\"page\">\n\t\t\t\t<div class=\"elementor-element elementor-element-0d8a9cd e-flex e-con-boxed e-con e-parent\" data-id=\"0d8a9cd\" data-element_type=\"container\" data-e-type=\"container\">\t\t\t<div class=\"e-con-inner\">\r\n\t\t<div class=\"elementor-element elementor-element-d1fe20b e-con-full e-flex e-con e-child\" data-id=\"d1fe20b\" data-element_type=\"container\" data-e-type=\"container\">\t\t<div class=\"elementor-element elementor-element-e515ec6 elementor-widget elementor-widget-shortcode\" data-id=\"e515ec6\" data-element_type=\"widget\" data-e-type=\"widget\" data-widget_type=\"shortcode.default\">\n\t\t\t\t<div class=\"elementor-widget-container\">\n\t\t\t\t\t\t\t<div class=\"elementor-shortcode\"><\/div>\n\t\t\t\t\t\t<\/div>\n\t\t\t\t<\/div>\n\t\t\t\t<\/div>\r\n\t\t<div class=\"elementor-element elementor-element-02f831b e-con-full e-flex e-con e-child\" data-id=\"02f831b\" data-element_type=\"container\" data-e-type=\"container\">\t\t<div class=\"elementor-element elementor-element-f53cbfe elementor-widget-widescreen__width-auto elementor-widget elementor-widget-pxl_heading\" data-id=\"f53cbfe\" data-element_type=\"widget\" data-e-type=\"widget\" data-widget_type=\"pxl_heading.default\">\n\t\t\t\t<div class=\"elementor-widget-container\">\n\t\t\t\t\t\n<div id=\"pxl-pxl_heading-f53cbfe-3719\" class=\"pxl-heading px-sub-title-default-style\">\n\t<div class=\"pxl-heading--inner\">\n\t\t\t\t\t<div class=\"pxl-item--subtitle px-sub-title-default\" data-wow-delay=\"ms\">\n\t\t\t\t<span class=\"pxl-item--subtext\">\n\t\t\t\t\t\t\t\t\t\t\t\t\t\t\t\t\t\t\t\t<span class=\"\">REFERENTES CONTEMPOR\u00c1NEOS<\/span>\n\t\t\t\t<\/span>\n\t\t\t<\/div>\n\t\t\n\t\t<h3 class=\"pxl-item--title style-default highlight-default\" data-wow-delay=\"ms\">\n\n\t\t\t<span class=\"pxl-heading--text\">\n\n\t\t\t\t\t\t\t\t\tEntre             <span class=\"pxl-title--highlight\">\n                otros             <\/span>\n        \t\n\t\t\t\t\t\n\n\t\t\t<\/span>\n\t\t<\/h3>\n\t\t\n\t<\/div>\n<\/div>\t\t\t\t<\/div>\n\t\t\t\t<\/div>\n\t\t\t\t<div class=\"elementor-element elementor-element-91ec5e1 elementor-widget elementor-widget-pxl_divider\" data-id=\"91ec5e1\" data-element_type=\"widget\" data-e-type=\"widget\" data-widget_type=\"pxl_divider.default\">\n\t\t\t\t<div class=\"elementor-widget-container\">\n\t\t\t\t\t<div class=\"pxl-divider\">\r\n    <span>\r\n        <i><\/i>\r\n        <i><\/i>\r\n        <i><\/i>\r\n        <i><\/i>\r\n    <\/span>\r\n<\/div>\t\t\t\t<\/div>\n\t\t\t\t<\/div>\n\t\t\t\t<div class=\"elementor-element elementor-element-b41018b elementor-widget elementor-widget-text-editor\" data-id=\"b41018b\" data-element_type=\"widget\" data-e-type=\"widget\" data-widget_type=\"text-editor.default\">\n\t\t\t\t<div class=\"elementor-widget-container\">\n\t\t\t\t\t\t\t\t\t<ul><li><strong>EMILIO AMBASZ<\/strong><\/li><li><strong>ESTUDIO LAMELA<\/strong><\/li><li><strong>DAVID KIRKLAND<\/strong><\/li><li><strong>FUTURE SYSTEMS<\/strong><\/li><li><strong>GLENN MURCUTT<\/strong><\/li><li><strong>HANSEN &amp; PETERSEN<\/strong><\/li><li><strong>HENK D\u00d6LL (MECANOO)<\/strong><\/li><li><strong>HERZOG &amp; DE MEURON<\/strong><\/li><li><strong>JONATHAN HINES<\/strong><\/li><li><strong>KEAN YEANG<\/strong><\/li><li><strong>MARIO CUCINELLA<\/strong><\/li><li><strong>NIETO Y SOBEJANO<\/strong><\/li><li><strong>NORMAN FOSTER<\/strong><\/li><li><strong>RAFAEL DE LA HOZ<\/strong><\/li><li><strong>RAFAEL MONEO<\/strong><\/li><li><strong>RENZO PIANO<\/strong><\/li><li><strong>RICHARD MEIER<\/strong><\/li><li><strong>RICHARD ROGERS<\/strong><\/li><li><strong>SHIGERU BAN<\/strong><\/li><li><strong>TU\u00d1ON Y MANSILLA<\/strong><\/li><li><strong>WILLIAM MCDONOUGH<\/strong><\/li><\/ul><p>Todos ellos han moldeado mi visi\u00f3n del dise\u00f1o, el inter\u00e9s por la sostenibilidad y la integraci\u00f3n de lo construido con su entorno, tanto natural como urbano.<\/p><p><strong>Renzo Piano<\/strong>, por su capacidad para crear una arquitectura viva en constante di\u00e1logo con el espacio, la luz y el contexto.<\/p><p><strong>Rafael Moneo,\u00a0<\/strong>por su habilidad para combinar la tradici\u00f3n con la modernidad, creando obras que respetan y enriquecen el patrimonio cultural, sin renunciar a la innovaci\u00f3n.<\/p><p><strong>Herzog &amp; de Meuron<\/strong>,\u00a0<strong>Mario Cucinella<\/strong>\u00a0y\u00a0<strong>Richard Rogers <\/strong>cuyas trayectorias demuestran como la arquitectura puede transformar el paisaje urbano sin perder de vista las necesidades sociales y medioambientales.<\/p><p><strong>Rafael de la Hoz <\/strong>ejemplo de c\u00f3mo la arquitectura puede ser una expresi\u00f3n cultural y, al mismo tiempo, una respuesta funcional y tecnol\u00f3gica a los desaf\u00edos contempor\u00e1neos.<\/p><p><strong>Norman Foster<\/strong>\u00a0y\u00a0<strong>William McDonough<\/strong>, con su visi\u00f3n sobre la arquitectura y el dise\u00f1o sostenible, que impulsa a pensar en la arquitectura no solo como un arte, sino como una responsabilidad hacia el futuro.<\/p><p><strong>Emilio Ambasz<\/strong>, con su visi\u00f3n en verde y su capacidad para integrar la naturaleza en la arquitectura.<\/p><p><strong>Glenn Murcutt<\/strong>, con su enfoque minimalista y su \u00e9nfasis en la sostenibilidad, incluyendo al clima y al paisaje como elementos del proceso arquitect\u00f3nico.<\/p><p><strong>Future Systems<\/strong>, por su constante apuesta por la innovaci\u00f3n tecnol\u00f3gica aplicada al dise\u00f1o.<\/p><p><strong>Hansen &amp; Petersen<\/strong>, \u00a0por su capacidad para fusionar el dise\u00f1o de vanguardia con soluciones pr\u00e1cticas.<\/p><p><strong>Shigeru Ban<\/strong>\u00a0referente en el uso de materiales reciclables y soluciones constructivas de bajo impacto, con una arquitectura comprometida y accesible.<\/p><p><strong>Jonathan Hines<\/strong>,\u00a0<strong>Kean Yeang<\/strong>\u00a0y\u00a0<strong>Henk D\u00f6ll<\/strong> (de Mecanoo) por su enfoque integral de la sostenibilidad y la eficiencia energ\u00e9tica en todos los aspectos del dise\u00f1o, desde la planificaci\u00f3n urbana hasta la elecci\u00f3n de los materiales.<\/p>\t\t\t\t\t\t\t\t<\/div>\n\t\t\t\t<\/div>\n\t\t\t\t<\/div>\r\n\t\t\t\t\t<\/div>\r\n\t\t\t\t<\/div>\r\n\t\t\t\t<\/div>","protected":false},"excerpt":{"rendered":"<p>REFERENTES CONTEMPOR\u00c1NEOS Entre otros EMILIO AMBASZ ESTUDIO LAMELA DAVID KIRKLAND FUTURE SYSTEMS GLENN MURCUTT HANSEN &amp; PETERSEN HENK D\u00d6LL (MECANOO) HERZOG &amp; DE MEURON JONATHAN HINES KEAN YEANG MARIO CUCINELLA NIETO Y SOBEJANO NORMAN FOSTER RAFAEL DE LA HOZ RAFAEL MONEO RENZO PIANO RICHARD MEIER RICHARD ROGERS SHIGERU BAN TU\u00d1ON Y MANSILLA WILLIAM MCDONOUGH Todos [&hellip;]<\/p>\n","protected":false},"author":1,"featured_media":0,"parent":0,"menu_order":0,"comment_status":"closed","ping_status":"open","template":"","meta":{"footnotes":""},"class_list":["post-5351","page","type-page","status-publish","hentry"],"_links":{"self":[{"href":"https:\/\/pablomartinhevia.com\/en\/wp-json\/wp\/v2\/pages\/5351","targetHints":{"allow":["GET"]}}],"collection":[{"href":"https:\/\/pablomartinhevia.com\/en\/wp-json\/wp\/v2\/pages"}],"about":[{"href":"https:\/\/pablomartinhevia.com\/en\/wp-json\/wp\/v2\/types\/page"}],"author":[{"embeddable":true,"href":"https:\/\/pablomartinhevia.com\/en\/wp-json\/wp\/v2\/users\/1"}],"replies":[{"embeddable":true,"href":"https:\/\/pablomartinhevia.com\/en\/wp-json\/wp\/v2\/comments?post=5351"}],"version-history":[{"count":12,"href":"https:\/\/pablomartinhevia.com\/en\/wp-json\/wp\/v2\/pages\/5351\/revisions"}],"predecessor-version":[{"id":7345,"href":"https:\/\/pablomartinhevia.com\/en\/wp-json\/wp\/v2\/pages\/5351\/revisions\/7345"}],"wp:attachment":[{"href":"https:\/\/pablomartinhevia.com\/en\/wp-json\/wp\/v2\/media?parent=5351"}],"curies":[{"name":"wp","href":"https:\/\/api.w.org\/{rel}","templated":true}]}}