{"id":98,"date":"2024-08-16T02:40:12","date_gmt":"2024-08-16T02:40:12","guid":{"rendered":"https:\/\/demo.casethemes.net\/archio-elementor\/?page_id=98"},"modified":"2025-07-15T12:43:59","modified_gmt":"2025-07-15T10:43:59","slug":"proyectos","status":"publish","type":"page","link":"https:\/\/pablomartinhevia.com\/en\/proyectos\/","title":{"rendered":"Projects"},"content":{"rendered":"<div data-elementor-type=\"wp-page\" data-elementor-id=\"98\" class=\"elementor elementor-98\" data-elementor-post-type=\"page\">\n\t\t\t\t        <section class=\"elementor-section elementor-top-section elementor-element elementor-element-2ff8a92 elementor-section-stretched elementor-section-boxed elementor-section-height-default elementor-section-height-default pxl-row-scroll-none pxl-zoom-point-false pxl-section-overflow-visible pxl-section-fix-none pxl-bg-color-none pxl-section-overlay-none\" data-id=\"2ff8a92\" data-element_type=\"section\" data-e-type=\"section\" data-settings=\"{&quot;stretch_section&quot;:&quot;section-stretched&quot;}\">\n\n                \n                <div class=\"elementor-container elementor-column-gap-extended\">\n                <div class=\"elementor-column elementor-col-100 elementor-top-column elementor-element elementor-element-54c1b2d pxl-column-none pxl-column-overflow-hidden-no\" data-id=\"54c1b2d\" data-element_type=\"column\" data-e-type=\"column\">\r\n        <div class=\"elementor-widget-wrap elementor-element-populated\">\r\n                     \r\n        \t\t<div class=\"elementor-element elementor-element-2015d49 pxl-post-layout-portfolio-2 patodos elementor-widget elementor-widget-pxl_post_grid\" data-id=\"2015d49\" data-element_type=\"widget\" data-e-type=\"widget\" data-widget_type=\"pxl_post_grid.default\">\n\t\t\t\t<div class=\"elementor-widget-container\">\n\t\t\t\t\t\n<div id=\"pxl_post_grid-2015d49-5957\" class=\"pxl-grid pxl-portfolio-grid pxl-portfolio-grid-layout2 pxl-portfolio-style2\" data-start-page=\"1\" data-max-pages=\"1\" data-total=\"58\" data-perpage=\"100\" data-next-link=\"\">\n            <div class=\"pxl-grid-filter normal style-1\">\n            <div class=\"pxl--filter-inner\">\n                <span class=\"filter-label\"><\/span>\n                <span class=\"filter-item active\" data-filter=\"*\">Todo<\/span>\n                                                                            <span class=\"filter-item\" data-filter=\".vivienda-bloque-abierto\">\n                        Open Block Housing                    <\/span>\n                                                                            <span class=\"filter-item\" data-filter=\".vivienda-casco-urbano\">\n                        Housing Urban Area                    <\/span>\n                                                                            <span class=\"filter-item\" data-filter=\".vivienda-unifamiliar\">\n                        Vivienda unifamiliar                    <\/span>\n                                                                            <span class=\"filter-item\" data-filter=\".rehabilitacion\">\n                        Rehabilitaci\u00f3n                    <\/span>\n                                                                            <span class=\"filter-item\" data-filter=\".otros-usos\">\n                        Otros usos                    <\/span>\n                            <\/div>\n        <\/div>\n    \n    <div class=\"pxl-grid-inner pxl-grid-masonry row\" data-gutter=\"15\">\n                        <div class=\"pxl-grid-item col-xl-4 col-lg-4 col-md-6 col-sm-6 col-12 vivienda-bloque-abierto\">\n                    <div class=\"pxl-post--inner\" data-wow-duration=\"1.2s\">\n                                                <div class=\"pxl-post--featured hover-imge-effect3\">\n                            <a href=\"https:\/\/pablomartinhevia.com\/en\/trabajos\/edificio-de-47-viviendas-garaje-y-trasteros\/\"><img fetchpriority=\"high\" decoding=\"async\" class=\"\" src=\"https:\/\/pablomartinhevia.com\/wp-content\/uploads\/2025\/06\/19C-scaled-600x600.jpg\" width=\"600\" height=\"600\" alt=\"Edificio de 47 viviendas, garaje y trasteros\" title=\"\" \/><\/a>\n                        <\/div>\n                        <div class=\"pxl-post--holder\">\n                            <svg class=\"pxl-post--angle\" xmlns=\"http:\/\/www.w3.org\/2000\/svg\" width=\"100%\" viewbox=\"0 0 100 100\" version=\"1.1\" preserveaspectratio=\"none\"><path stroke=\"\" stroke-width=\"0\" d=\"M0 100 L100 0 L200 100\"><\/path><\/svg>\n                                                            <div class=\"pxl-post--category link-none\">\n                                    <a href=\"https:\/\/pablomartinhevia.com\/en\/tipos-de-construccion\/vivienda-bloque-abierto\/\" rel=\"tag\">Open Block Housing<\/a>                                <\/div>\n                                                        <h5 class=\"pxl-post--title\">Edificio de 47 viviendas, garaje y trasteros<\/h5>\n                                                            <div class=\"pxl-post--content\">\n                                    PROMOCIONES CAICOYA SL. Roces.Gij\u00f3n. 2021                                <\/div>\n                                                                                        <div class=\"pxl-post--readmore\">\n                                    <a class=\"btn btn-text-parallax btn-icon-box\" href=\"https:\/\/pablomartinhevia.com\/en\/trabajos\/edificio-de-47-viviendas-garaje-y-trasteros\/\">\n                                        <span class=\"pxl--btn-text\">Leer m\u00e1s<\/span>\n                                        <span class=\"pxl--btn-icon\"><i class=\"flaticon-up-right-arrow\"><\/i><\/span>\n                                    <\/a>\n                                <\/div>\n                                                    <\/div>\n                    <\/div>\n                <\/div>\n                                    <div class=\"pxl-grid-item col-xl-4 col-lg-4 col-md-6 col-sm-6 col-12 vivienda-bloque-abierto\">\n                    <div class=\"pxl-post--inner\" data-wow-duration=\"1.2s\">\n                                                <div class=\"pxl-post--featured hover-imge-effect3\">\n                            <a href=\"https:\/\/pablomartinhevia.com\/en\/trabajos\/edificio-de-51-viviendas-y-garaje\/\"><img decoding=\"async\" class=\"\" src=\"https:\/\/pablomartinhevia.com\/wp-content\/uploads\/2025\/06\/15A-1-scaled-600x600.jpg\" width=\"600\" height=\"600\" alt=\"vivienda colectiva\" title=\"\" \/><\/a>\n                        <\/div>\n                        <div class=\"pxl-post--holder\">\n                            <svg class=\"pxl-post--angle\" xmlns=\"http:\/\/www.w3.org\/2000\/svg\" width=\"100%\" viewbox=\"0 0 100 100\" version=\"1.1\" preserveaspectratio=\"none\"><path stroke=\"\" stroke-width=\"0\" d=\"M0 100 L100 0 L200 100\"><\/path><\/svg>\n                                                            <div class=\"pxl-post--category link-none\">\n                                    <a href=\"https:\/\/pablomartinhevia.com\/en\/tipos-de-construccion\/vivienda-bloque-abierto\/\" rel=\"tag\">Open Block Housing<\/a>                                <\/div>\n                                                        <h5 class=\"pxl-post--title\">Building with 51 flats and garage<\/h5>\n                                                            <div class=\"pxl-post--content\">\n                                    COTO DE LOS FERRANES SL. El Lauredal. Gij\u00f3n. 2006                                <\/div>\n                                                                                        <div class=\"pxl-post--readmore\">\n                                    <a class=\"btn btn-text-parallax btn-icon-box\" href=\"https:\/\/pablomartinhevia.com\/en\/trabajos\/edificio-de-51-viviendas-y-garaje\/\">\n                                        <span class=\"pxl--btn-text\">Leer m\u00e1s<\/span>\n                                        <span class=\"pxl--btn-icon\"><i class=\"flaticon-up-right-arrow\"><\/i><\/span>\n                                    <\/a>\n                                <\/div>\n                                                    <\/div>\n                    <\/div>\n                <\/div>\n                                    <div class=\"pxl-grid-item col-xl-4 col-lg-4 col-md-6 col-sm-6 col-12 vivienda-bloque-abierto\">\n                    <div class=\"pxl-post--inner\" data-wow-duration=\"1.2s\">\n                                                <div class=\"pxl-post--featured hover-imge-effect3\">\n                            <a href=\"https:\/\/pablomartinhevia.com\/en\/trabajos\/edificio-de-26-viviendas-locales-y-garaje\/\"><img decoding=\"async\" class=\"\" src=\"https:\/\/pablomartinhevia.com\/wp-content\/uploads\/2025\/06\/17B-scaled-600x600.jpg\" width=\"600\" height=\"600\" alt=\"vivienda colectiva\" title=\"\" \/><\/a>\n                        <\/div>\n                        <div class=\"pxl-post--holder\">\n                            <svg class=\"pxl-post--angle\" xmlns=\"http:\/\/www.w3.org\/2000\/svg\" width=\"100%\" viewbox=\"0 0 100 100\" version=\"1.1\" preserveaspectratio=\"none\"><path stroke=\"\" stroke-width=\"0\" d=\"M0 100 L100 0 L200 100\"><\/path><\/svg>\n                                                            <div class=\"pxl-post--category link-none\">\n                                    <a href=\"https:\/\/pablomartinhevia.com\/en\/tipos-de-construccion\/vivienda-bloque-abierto\/\" rel=\"tag\">Open Block Housing<\/a>                                <\/div>\n                                                        <h5 class=\"pxl-post--title\">Building with 26 flats and garage<\/h5>\n                                                            <div class=\"pxl-post--content\">\n                                    PEDRO RODR\u00cdGUEZ DESARROLLOS URBANOS SL. Avda. Pablo Iglesias. Gij\u00f3n, 2004.                                <\/div>\n                                                                                        <div class=\"pxl-post--readmore\">\n                                    <a class=\"btn btn-text-parallax btn-icon-box\" href=\"https:\/\/pablomartinhevia.com\/en\/trabajos\/edificio-de-26-viviendas-locales-y-garaje\/\">\n                                        <span class=\"pxl--btn-text\">Leer m\u00e1s<\/span>\n                                        <span class=\"pxl--btn-icon\"><i class=\"flaticon-up-right-arrow\"><\/i><\/span>\n                                    <\/a>\n                                <\/div>\n                                                    <\/div>\n                    <\/div>\n                <\/div>\n                                    <div class=\"pxl-grid-item col-xl-4 col-lg-4 col-md-6 col-sm-6 col-12 vivienda-bloque-abierto\">\n                    <div class=\"pxl-post--inner\" data-wow-duration=\"1.2s\">\n                                                <div class=\"pxl-post--featured hover-imge-effect3\">\n                            <a href=\"https:\/\/pablomartinhevia.com\/en\/trabajos\/edificios-torres-jovellanos-de-96-viviendas-locales-y-garaje\/\"><img loading=\"lazy\" decoding=\"async\" class=\"\" src=\"https:\/\/pablomartinhevia.com\/wp-content\/uploads\/2025\/06\/18A-600x600.jpg\" width=\"600\" height=\"600\" alt=\"Edificios \u201cTorres Jovellanos\u201d de 96 viviendas, Locales y Garaje\" title=\"\" \/><\/a>\n                        <\/div>\n                        <div class=\"pxl-post--holder\">\n                            <svg class=\"pxl-post--angle\" xmlns=\"http:\/\/www.w3.org\/2000\/svg\" width=\"100%\" viewbox=\"0 0 100 100\" version=\"1.1\" preserveaspectratio=\"none\"><path stroke=\"\" stroke-width=\"0\" d=\"M0 100 L100 0 L200 100\"><\/path><\/svg>\n                                                            <div class=\"pxl-post--category link-none\">\n                                    <a href=\"https:\/\/pablomartinhevia.com\/en\/tipos-de-construccion\/vivienda-bloque-abierto\/\" rel=\"tag\">Open Block Housing<\/a>                                <\/div>\n                                                        <h5 class=\"pxl-post--title\">Buildings \u201cTorres Jovellanos\u201d of 96 dwellings, premises and a garage<\/h5>\n                                                            <div class=\"pxl-post--content\">\n                                    DURSA CORPORACI\u00d3N DE BIENES Avda. de la Constituci\u00f3n y c\/pto. Piedrahita. Gij\u00f3n. 2001                                <\/div>\n                                                                                        <div class=\"pxl-post--readmore\">\n                                    <a class=\"btn btn-text-parallax btn-icon-box\" href=\"https:\/\/pablomartinhevia.com\/en\/trabajos\/edificios-torres-jovellanos-de-96-viviendas-locales-y-garaje\/\">\n                                        <span class=\"pxl--btn-text\">Leer m\u00e1s<\/span>\n                                        <span class=\"pxl--btn-icon\"><i class=\"flaticon-up-right-arrow\"><\/i><\/span>\n                                    <\/a>\n                                <\/div>\n                                                    <\/div>\n                    <\/div>\n                <\/div>\n                                    <div class=\"pxl-grid-item col-xl-4 col-lg-4 col-md-6 col-sm-6 col-12 vivienda-bloque-abierto\">\n                    <div class=\"pxl-post--inner\" data-wow-duration=\"1.2s\">\n                                                <div class=\"pxl-post--featured hover-imge-effect3\">\n                            <a href=\"https:\/\/pablomartinhevia.com\/en\/trabajos\/edificio-de-47-viviendas-garaje-y-trasteros-2\/\"><img loading=\"lazy\" decoding=\"async\" class=\"\" src=\"https:\/\/pablomartinhevia.com\/wp-content\/uploads\/2025\/06\/24A-1-scaled-600x600.jpg\" width=\"600\" height=\"600\" alt=\"24A\" title=\"24A\" \/><\/a>\n                        <\/div>\n                        <div class=\"pxl-post--holder\">\n                            <svg class=\"pxl-post--angle\" xmlns=\"http:\/\/www.w3.org\/2000\/svg\" width=\"100%\" viewbox=\"0 0 100 100\" version=\"1.1\" preserveaspectratio=\"none\"><path stroke=\"\" stroke-width=\"0\" d=\"M0 100 L100 0 L200 100\"><\/path><\/svg>\n                                                            <div class=\"pxl-post--category link-none\">\n                                    <a href=\"https:\/\/pablomartinhevia.com\/en\/tipos-de-construccion\/vivienda-bloque-abierto\/\" rel=\"tag\">Open Block Housing<\/a>                                <\/div>\n                                                        <h5 class=\"pxl-post--title\">Building with 50 flats, garage and storage rooms.<\/h5>\n                                                            <div class=\"pxl-post--content\">\n                                    CONSTRUCCIONES FERCAVIA SA Viesques, Gij\u00f3n, 2001                                <\/div>\n                                                                                        <div class=\"pxl-post--readmore\">\n                                    <a class=\"btn btn-text-parallax btn-icon-box\" href=\"https:\/\/pablomartinhevia.com\/en\/trabajos\/edificio-de-47-viviendas-garaje-y-trasteros-2\/\">\n                                        <span class=\"pxl--btn-text\">Leer m\u00e1s<\/span>\n                                        <span class=\"pxl--btn-icon\"><i class=\"flaticon-up-right-arrow\"><\/i><\/span>\n                                    <\/a>\n                                <\/div>\n                                                    <\/div>\n                    <\/div>\n                <\/div>\n                                    <div class=\"pxl-grid-item col-xl-4 col-lg-4 col-md-6 col-sm-6 col-12 vivienda-bloque-abierto\">\n                    <div class=\"pxl-post--inner\" data-wow-duration=\"1.2s\">\n                                                <div class=\"pxl-post--featured hover-imge-effect3\">\n                            <a href=\"https:\/\/pablomartinhevia.com\/en\/trabajos\/edificio-de-40-viviendas-garaje-y-trasteros\/\"><img loading=\"lazy\" decoding=\"async\" class=\"\" src=\"https:\/\/pablomartinhevia.com\/wp-content\/uploads\/2025\/06\/24B-1-scaled-600x600.jpg\" width=\"600\" height=\"600\" alt=\"24B\" title=\"24B\" \/><\/a>\n                        <\/div>\n                        <div class=\"pxl-post--holder\">\n                            <svg class=\"pxl-post--angle\" xmlns=\"http:\/\/www.w3.org\/2000\/svg\" width=\"100%\" viewbox=\"0 0 100 100\" version=\"1.1\" preserveaspectratio=\"none\"><path stroke=\"\" stroke-width=\"0\" d=\"M0 100 L100 0 L200 100\"><\/path><\/svg>\n                                                            <div class=\"pxl-post--category link-none\">\n                                    <a href=\"https:\/\/pablomartinhevia.com\/en\/tipos-de-construccion\/vivienda-bloque-abierto\/\" rel=\"tag\">Open Block Housing<\/a>                                <\/div>\n                                                        <h5 class=\"pxl-post--title\">Building with 40 flats, garage and storage rooms<\/h5>\n                                                            <div class=\"pxl-post--content\">\n                                    CONSTRUCCIONES FERCAVIA SA. Viesques, Gij\u00f3n, 2001                                <\/div>\n                                                                                        <div class=\"pxl-post--readmore\">\n                                    <a class=\"btn btn-text-parallax btn-icon-box\" href=\"https:\/\/pablomartinhevia.com\/en\/trabajos\/edificio-de-40-viviendas-garaje-y-trasteros\/\">\n                                        <span class=\"pxl--btn-text\">Leer m\u00e1s<\/span>\n                                        <span class=\"pxl--btn-icon\"><i class=\"flaticon-up-right-arrow\"><\/i><\/span>\n                                    <\/a>\n                                <\/div>\n                                                    <\/div>\n                    <\/div>\n                <\/div>\n                                    <div class=\"pxl-grid-item col-xl-4 col-lg-4 col-md-6 col-sm-6 col-12 vivienda-casco-urbano\">\n                    <div class=\"pxl-post--inner\" data-wow-duration=\"1.2s\">\n                                                <div class=\"pxl-post--featured hover-imge-effect3\">\n                            <a href=\"https:\/\/pablomartinhevia.com\/en\/trabajos\/edificio-la-playa-corrida-51\/\"><img loading=\"lazy\" decoding=\"async\" class=\"\" src=\"https:\/\/pablomartinhevia.com\/wp-content\/uploads\/2025\/06\/23B-scaled-600x600.jpg\" width=\"600\" height=\"600\" alt=\"Edificio La Playa, Corrida 51\" title=\"\" \/><\/a>\n                        <\/div>\n                        <div class=\"pxl-post--holder\">\n                            <svg class=\"pxl-post--angle\" xmlns=\"http:\/\/www.w3.org\/2000\/svg\" width=\"100%\" viewbox=\"0 0 100 100\" version=\"1.1\" preserveaspectratio=\"none\"><path stroke=\"\" stroke-width=\"0\" d=\"M0 100 L100 0 L200 100\"><\/path><\/svg>\n                                                            <div class=\"pxl-post--category link-none\">\n                                    <a href=\"https:\/\/pablomartinhevia.com\/en\/tipos-de-construccion\/vivienda-casco-urbano\/\" rel=\"tag\">Housing Urban Area<\/a>                                <\/div>\n                                                        <h5 class=\"pxl-post--title\">La Playa Building<\/h5>\n                                                            <div class=\"pxl-post--content\">\n                                    SERCOMET SL Centro Gij\u00f3n, 2.016.                                <\/div>\n                                                                                        <div class=\"pxl-post--readmore\">\n                                    <a class=\"btn btn-text-parallax btn-icon-box\" href=\"https:\/\/pablomartinhevia.com\/en\/trabajos\/edificio-la-playa-corrida-51\/\">\n                                        <span class=\"pxl--btn-text\">Leer m\u00e1s<\/span>\n                                        <span class=\"pxl--btn-icon\"><i class=\"flaticon-up-right-arrow\"><\/i><\/span>\n                                    <\/a>\n                                <\/div>\n                                                    <\/div>\n                    <\/div>\n                <\/div>\n                                    <div class=\"pxl-grid-item col-xl-4 col-lg-4 col-md-6 col-sm-6 col-12 vivienda-casco-urbano\">\n                    <div class=\"pxl-post--inner\" data-wow-duration=\"1.2s\">\n                                                <div class=\"pxl-post--featured hover-imge-effect3\">\n                            <a href=\"https:\/\/pablomartinhevia.com\/en\/trabajos\/edificio-de-64-viviendas-locales-y-garaje\/\"><img loading=\"lazy\" decoding=\"async\" class=\"\" src=\"https:\/\/pablomartinhevia.com\/wp-content\/uploads\/2025\/06\/21A-1-scaled-600x600.jpg\" width=\"600\" height=\"600\" alt=\"Edificio de 64 Viviendas, Locales y Garaje\" title=\"\" \/><\/a>\n                        <\/div>\n                        <div class=\"pxl-post--holder\">\n                            <svg class=\"pxl-post--angle\" xmlns=\"http:\/\/www.w3.org\/2000\/svg\" width=\"100%\" viewbox=\"0 0 100 100\" version=\"1.1\" preserveaspectratio=\"none\"><path stroke=\"\" stroke-width=\"0\" d=\"M0 100 L100 0 L200 100\"><\/path><\/svg>\n                                                            <div class=\"pxl-post--category link-none\">\n                                    <a href=\"https:\/\/pablomartinhevia.com\/en\/tipos-de-construccion\/vivienda-casco-urbano\/\" rel=\"tag\">Housing Urban Area<\/a>                                <\/div>\n                                                        <h5 class=\"pxl-post--title\">Building of 64 dwellings, premises and a garage.<\/h5>\n                                                            <div class=\"pxl-post--content\">\n                                    CONSTRUCCIONES FERCAVIA SA. Avda. de la Costa, Gij\u00f3n, 2.006.                                <\/div>\n                                                                                        <div class=\"pxl-post--readmore\">\n                                    <a class=\"btn btn-text-parallax btn-icon-box\" href=\"https:\/\/pablomartinhevia.com\/en\/trabajos\/edificio-de-64-viviendas-locales-y-garaje\/\">\n                                        <span class=\"pxl--btn-text\">Leer m\u00e1s<\/span>\n                                        <span class=\"pxl--btn-icon\"><i class=\"flaticon-up-right-arrow\"><\/i><\/span>\n                                    <\/a>\n                                <\/div>\n                                                    <\/div>\n                    <\/div>\n                <\/div>\n                                    <div class=\"pxl-grid-item col-xl-4 col-lg-4 col-md-6 col-sm-6 col-12 vivienda-casco-urbano\">\n                    <div class=\"pxl-post--inner\" data-wow-duration=\"1.2s\">\n                                                <div class=\"pxl-post--featured hover-imge-effect3\">\n                            <a href=\"https:\/\/pablomartinhevia.com\/en\/trabajos\/edificio-el-cometa-de-viviendas-y-locales\/\"><img loading=\"lazy\" decoding=\"async\" class=\"\" src=\"https:\/\/pablomartinhevia.com\/wp-content\/uploads\/2025\/06\/16A-scaled-600x600.jpg\" width=\"600\" height=\"600\" alt=\"Edificio \u201cEl Cometa\u201d de Viviendas y Locales\" title=\"\" \/><\/a>\n                        <\/div>\n                        <div class=\"pxl-post--holder\">\n                            <svg class=\"pxl-post--angle\" xmlns=\"http:\/\/www.w3.org\/2000\/svg\" width=\"100%\" viewbox=\"0 0 100 100\" version=\"1.1\" preserveaspectratio=\"none\"><path stroke=\"\" stroke-width=\"0\" d=\"M0 100 L100 0 L200 100\"><\/path><\/svg>\n                                                            <div class=\"pxl-post--category link-none\">\n                                    <a href=\"https:\/\/pablomartinhevia.com\/en\/tipos-de-construccion\/vivienda-casco-urbano\/\" rel=\"tag\">Housing Urban Area<\/a>                                <\/div>\n                                                        <h5 class=\"pxl-post--title\">El Cometa\u201c building with flats and premises<\/h5>\n                                                            <div class=\"pxl-post--content\">\n                                    PROMOCIONES CASCOS SA. c\/ Moros y esq. Tomas Zarracina. Gij\u00f3n. 2001.                                <\/div>\n                                                                                        <div class=\"pxl-post--readmore\">\n                                    <a class=\"btn btn-text-parallax btn-icon-box\" href=\"https:\/\/pablomartinhevia.com\/en\/trabajos\/edificio-el-cometa-de-viviendas-y-locales\/\">\n                                        <span class=\"pxl--btn-text\">Leer m\u00e1s<\/span>\n                                        <span class=\"pxl--btn-icon\"><i class=\"flaticon-up-right-arrow\"><\/i><\/span>\n                                    <\/a>\n                                <\/div>\n                                                    <\/div>\n                    <\/div>\n                <\/div>\n                                    <div class=\"pxl-grid-item col-xl-4 col-lg-4 col-md-6 col-sm-6 col-12 vivienda-casco-urbano\">\n                    <div class=\"pxl-post--inner\" data-wow-duration=\"1.2s\">\n                                                <div class=\"pxl-post--featured hover-imge-effect3\">\n                            <a href=\"https:\/\/pablomartinhevia.com\/en\/trabajos\/edificio-de-viviendas-locales-y-garaje\/\"><img loading=\"lazy\" decoding=\"async\" class=\"\" src=\"https:\/\/pablomartinhevia.com\/wp-content\/uploads\/2025\/07\/22-600x600.jpg\" width=\"600\" height=\"600\" alt=\"vivienda colectiva\" title=\"\" \/><\/a>\n                        <\/div>\n                        <div class=\"pxl-post--holder\">\n                            <svg class=\"pxl-post--angle\" xmlns=\"http:\/\/www.w3.org\/2000\/svg\" width=\"100%\" viewbox=\"0 0 100 100\" version=\"1.1\" preserveaspectratio=\"none\"><path stroke=\"\" stroke-width=\"0\" d=\"M0 100 L100 0 L200 100\"><\/path><\/svg>\n                                                            <div class=\"pxl-post--category link-none\">\n                                    <a href=\"https:\/\/pablomartinhevia.com\/en\/tipos-de-construccion\/vivienda-casco-urbano\/\" rel=\"tag\">Housing Urban Area<\/a>                                <\/div>\n                                                        <h5 class=\"pxl-post--title\">Residential building, business premises and garage<\/h5>\n                                                            <div class=\"pxl-post--content\">\n                                    CONSTRUCCIONES VEGALPA SL. c\/ Cean Berm\u00fadez. Gij\u00f3n. 1998.                                <\/div>\n                                                                                        <div class=\"pxl-post--readmore\">\n                                    <a class=\"btn btn-text-parallax btn-icon-box\" href=\"https:\/\/pablomartinhevia.com\/en\/trabajos\/edificio-de-viviendas-locales-y-garaje\/\">\n                                        <span class=\"pxl--btn-text\">Leer m\u00e1s<\/span>\n                                        <span class=\"pxl--btn-icon\"><i class=\"flaticon-up-right-arrow\"><\/i><\/span>\n                                    <\/a>\n                                <\/div>\n                                                    <\/div>\n                    <\/div>\n                <\/div>\n                                    <div class=\"pxl-grid-item col-xl-4 col-lg-4 col-md-6 col-sm-6 col-12 vivienda-casco-urbano\">\n                    <div class=\"pxl-post--inner\" data-wow-duration=\"1.2s\">\n                                                <div class=\"pxl-post--featured hover-imge-effect3\">\n                            <a href=\"https:\/\/pablomartinhevia.com\/en\/trabajos\/edificio-de-viviendas-y-locales\/\"><img loading=\"lazy\" decoding=\"async\" class=\"\" src=\"https:\/\/pablomartinhevia.com\/wp-content\/uploads\/2025\/06\/20-scaled-600x600.jpg\" width=\"600\" height=\"600\" alt=\"Edificio de Viviendas y Locales\" title=\"\" \/><\/a>\n                        <\/div>\n                        <div class=\"pxl-post--holder\">\n                            <svg class=\"pxl-post--angle\" xmlns=\"http:\/\/www.w3.org\/2000\/svg\" width=\"100%\" viewbox=\"0 0 100 100\" version=\"1.1\" preserveaspectratio=\"none\"><path stroke=\"\" stroke-width=\"0\" d=\"M0 100 L100 0 L200 100\"><\/path><\/svg>\n                                                            <div class=\"pxl-post--category link-none\">\n                                    <a href=\"https:\/\/pablomartinhevia.com\/en\/tipos-de-construccion\/vivienda-casco-urbano\/\" rel=\"tag\">Housing Urban Area<\/a>                                <\/div>\n                                                        <h5 class=\"pxl-post--title\">Edificio de Viviendas y Locales<\/h5>\n                                                            <div class=\"pxl-post--content\">\n                                    CONSTRUCCIONES AQUILINO RODR\u00cdGUEZ SA. Avda. de Schultz y c\/ Mieres. Gij\u00f3n, 1.996.                                <\/div>\n                                                                                        <div class=\"pxl-post--readmore\">\n                                    <a class=\"btn btn-text-parallax btn-icon-box\" href=\"https:\/\/pablomartinhevia.com\/en\/trabajos\/edificio-de-viviendas-y-locales\/\">\n                                        <span class=\"pxl--btn-text\">Leer m\u00e1s<\/span>\n                                        <span class=\"pxl--btn-icon\"><i class=\"flaticon-up-right-arrow\"><\/i><\/span>\n                                    <\/a>\n                                <\/div>\n                                                    <\/div>\n                    <\/div>\n                <\/div>\n                                    <div class=\"pxl-grid-item col-xl-4 col-lg-4 col-md-6 col-sm-6 col-12 vivienda-casco-urbano\">\n                    <div class=\"pxl-post--inner\" data-wow-duration=\"1.2s\">\n                                                <div class=\"pxl-post--featured hover-imge-effect3\">\n                            <a href=\"https:\/\/pablomartinhevia.com\/en\/trabajos\/edificio-de-viviendas-y-locales-2\/\"><img loading=\"lazy\" decoding=\"async\" class=\"\" src=\"https:\/\/pablomartinhevia.com\/wp-content\/uploads\/2025\/06\/sinimagen-5-600x600.png\" width=\"600\" height=\"600\" alt=\"\" title=\"\" \/><\/a>\n                        <\/div>\n                        <div class=\"pxl-post--holder\">\n                            <svg class=\"pxl-post--angle\" xmlns=\"http:\/\/www.w3.org\/2000\/svg\" width=\"100%\" viewbox=\"0 0 100 100\" version=\"1.1\" preserveaspectratio=\"none\"><path stroke=\"\" stroke-width=\"0\" d=\"M0 100 L100 0 L200 100\"><\/path><\/svg>\n                                                            <div class=\"pxl-post--category link-none\">\n                                    <a href=\"https:\/\/pablomartinhevia.com\/en\/tipos-de-construccion\/vivienda-casco-urbano\/\" rel=\"tag\">Housing Urban Area<\/a>                                <\/div>\n                                                        <h5 class=\"pxl-post--title\">Edificio de viviendas y locales<\/h5>\n                                                            <div class=\"pxl-post--content\">\n                                    PROMOCIONES ALTO ZEBRO SL. Avda. de Schultz 104-106. Gij\u00f3n. 1998                                <\/div>\n                                                                                        <div class=\"pxl-post--readmore\">\n                                    <a class=\"btn btn-text-parallax btn-icon-box\" href=\"https:\/\/pablomartinhevia.com\/en\/trabajos\/edificio-de-viviendas-y-locales-2\/\">\n                                        <span class=\"pxl--btn-text\">Leer m\u00e1s<\/span>\n                                        <span class=\"pxl--btn-icon\"><i class=\"flaticon-up-right-arrow\"><\/i><\/span>\n                                    <\/a>\n                                <\/div>\n                                                    <\/div>\n                    <\/div>\n                <\/div>\n                                    <div class=\"pxl-grid-item col-xl-4 col-lg-4 col-md-6 col-sm-6 col-12 vivienda-unifamiliar\">\n                    <div class=\"pxl-post--inner\" data-wow-duration=\"1.2s\">\n                                                <div class=\"pxl-post--featured hover-imge-effect3\">\n                            <a href=\"https:\/\/pablomartinhevia.com\/en\/trabajos\/vivienda-unifamiliar-en-castiello\/\"><img loading=\"lazy\" decoding=\"async\" class=\"\" src=\"https:\/\/pablomartinhevia.com\/wp-content\/uploads\/2025\/06\/010A-scaled-600x600.jpg\" width=\"600\" height=\"600\" alt=\"Vivienda Unifamiliar en Castiello\" title=\"\" \/><\/a>\n                        <\/div>\n                        <div class=\"pxl-post--holder\">\n                            <svg class=\"pxl-post--angle\" xmlns=\"http:\/\/www.w3.org\/2000\/svg\" width=\"100%\" viewbox=\"0 0 100 100\" version=\"1.1\" preserveaspectratio=\"none\"><path stroke=\"\" stroke-width=\"0\" d=\"M0 100 L100 0 L200 100\"><\/path><\/svg>\n                                                            <div class=\"pxl-post--category link-none\">\n                                    <a href=\"https:\/\/pablomartinhevia.com\/en\/tipos-de-construccion\/vivienda-unifamiliar\/\" rel=\"tag\">Vivienda unifamiliar<\/a>                                <\/div>\n                                                        <h5 class=\"pxl-post--title\">Vivienda Unifamiliar en Castiello<\/h5>\n                                                            <div class=\"pxl-post--content\">\n                                    Arquitectos: Pablo Mart\u00edn Hevia \/ In\u00e9s D\u00edaz-Negrete Palacio                                <\/div>\n                                                                                        <div class=\"pxl-post--readmore\">\n                                    <a class=\"btn btn-text-parallax btn-icon-box\" href=\"https:\/\/pablomartinhevia.com\/en\/trabajos\/vivienda-unifamiliar-en-castiello\/\">\n                                        <span class=\"pxl--btn-text\">Leer m\u00e1s<\/span>\n                                        <span class=\"pxl--btn-icon\"><i class=\"flaticon-up-right-arrow\"><\/i><\/span>\n                                    <\/a>\n                                <\/div>\n                                                    <\/div>\n                    <\/div>\n                <\/div>\n                                    <div class=\"pxl-grid-item col-xl-4 col-lg-4 col-md-6 col-sm-6 col-12 vivienda-unifamiliar\">\n                    <div class=\"pxl-post--inner\" data-wow-duration=\"1.2s\">\n                                                <div class=\"pxl-post--featured hover-imge-effect3\">\n                            <a href=\"https:\/\/pablomartinhevia.com\/en\/trabajos\/vivienda-unifamiliar-en-santurio\/\"><img loading=\"lazy\" decoding=\"async\" class=\"\" src=\"https:\/\/pablomartinhevia.com\/wp-content\/uploads\/2025\/06\/04E-1-600x600.jpg\" width=\"600\" height=\"600\" alt=\"Vivienda Unifamiliar en Santurio\" title=\"\" \/><\/a>\n                        <\/div>\n                        <div class=\"pxl-post--holder\">\n                            <svg class=\"pxl-post--angle\" xmlns=\"http:\/\/www.w3.org\/2000\/svg\" width=\"100%\" viewbox=\"0 0 100 100\" version=\"1.1\" preserveaspectratio=\"none\"><path stroke=\"\" stroke-width=\"0\" d=\"M0 100 L100 0 L200 100\"><\/path><\/svg>\n                                                            <div class=\"pxl-post--category link-none\">\n                                    <a href=\"https:\/\/pablomartinhevia.com\/en\/tipos-de-construccion\/vivienda-unifamiliar\/\" rel=\"tag\">Vivienda unifamiliar<\/a>                                <\/div>\n                                                        <h5 class=\"pxl-post--title\">Vivienda Unifamiliar en Santurio<\/h5>\n                                                            <div class=\"pxl-post--content\">\n                                    Arquitectos: Pablo Mart\u00edn Hevia \/ Ines D\u00edaz-Negrete Palacio                                <\/div>\n                                                                                        <div class=\"pxl-post--readmore\">\n                                    <a class=\"btn btn-text-parallax btn-icon-box\" href=\"https:\/\/pablomartinhevia.com\/en\/trabajos\/vivienda-unifamiliar-en-santurio\/\">\n                                        <span class=\"pxl--btn-text\">Leer m\u00e1s<\/span>\n                                        <span class=\"pxl--btn-icon\"><i class=\"flaticon-up-right-arrow\"><\/i><\/span>\n                                    <\/a>\n                                <\/div>\n                                                    <\/div>\n                    <\/div>\n                <\/div>\n                                    <div class=\"pxl-grid-item col-xl-4 col-lg-4 col-md-6 col-sm-6 col-12 vivienda-unifamiliar\">\n                    <div class=\"pxl-post--inner\" data-wow-duration=\"1.2s\">\n                                                <div class=\"pxl-post--featured hover-imge-effect3\">\n                            <a href=\"https:\/\/pablomartinhevia.com\/en\/trabajos\/vivienda-unifamiliar-en-somio\/\"><img loading=\"lazy\" decoding=\"async\" class=\"\" src=\"https:\/\/pablomartinhevia.com\/wp-content\/uploads\/2025\/06\/09-600x600.jpg\" width=\"600\" height=\"600\" alt=\"Vivienda Unifamiliar en Somio\" title=\"\" \/><\/a>\n                        <\/div>\n                        <div class=\"pxl-post--holder\">\n                            <svg class=\"pxl-post--angle\" xmlns=\"http:\/\/www.w3.org\/2000\/svg\" width=\"100%\" viewbox=\"0 0 100 100\" version=\"1.1\" preserveaspectratio=\"none\"><path stroke=\"\" stroke-width=\"0\" d=\"M0 100 L100 0 L200 100\"><\/path><\/svg>\n                                                            <div class=\"pxl-post--category link-none\">\n                                    <a href=\"https:\/\/pablomartinhevia.com\/en\/tipos-de-construccion\/vivienda-unifamiliar\/\" rel=\"tag\">Vivienda unifamiliar<\/a>                                <\/div>\n                                                        <h5 class=\"pxl-post--title\">Vivienda Unifamiliar en Somio<\/h5>\n                                                            <div class=\"pxl-post--content\">\n                                    Arquitecto: Pablo Mart\u00edn Hevia                                <\/div>\n                                                                                        <div class=\"pxl-post--readmore\">\n                                    <a class=\"btn btn-text-parallax btn-icon-box\" href=\"https:\/\/pablomartinhevia.com\/en\/trabajos\/vivienda-unifamiliar-en-somio\/\">\n                                        <span class=\"pxl--btn-text\">Leer m\u00e1s<\/span>\n                                        <span class=\"pxl--btn-icon\"><i class=\"flaticon-up-right-arrow\"><\/i><\/span>\n                                    <\/a>\n                                <\/div>\n                                                    <\/div>\n                    <\/div>\n                <\/div>\n                                    <div class=\"pxl-grid-item col-xl-4 col-lg-4 col-md-6 col-sm-6 col-12 vivienda-unifamiliar\">\n                    <div class=\"pxl-post--inner\" data-wow-duration=\"1.2s\">\n                                                <div class=\"pxl-post--featured hover-imge-effect3\">\n                            <a href=\"https:\/\/pablomartinhevia.com\/en\/trabajos\/vivienda-unifamiliar-en-pillarno\/\"><img loading=\"lazy\" decoding=\"async\" class=\"\" src=\"https:\/\/pablomartinhevia.com\/wp-content\/uploads\/2025\/06\/012-600x600.jpg\" width=\"600\" height=\"600\" alt=\"Vivienda Unifamiliar en Pillarno\" title=\"\" \/><\/a>\n                        <\/div>\n                        <div class=\"pxl-post--holder\">\n                            <svg class=\"pxl-post--angle\" xmlns=\"http:\/\/www.w3.org\/2000\/svg\" width=\"100%\" viewbox=\"0 0 100 100\" version=\"1.1\" preserveaspectratio=\"none\"><path stroke=\"\" stroke-width=\"0\" d=\"M0 100 L100 0 L200 100\"><\/path><\/svg>\n                                                            <div class=\"pxl-post--category link-none\">\n                                    <a href=\"https:\/\/pablomartinhevia.com\/en\/tipos-de-construccion\/vivienda-unifamiliar\/\" rel=\"tag\">Vivienda unifamiliar<\/a>                                <\/div>\n                                                        <h5 class=\"pxl-post--title\">Vivienda Unifamiliar en Pillarno<\/h5>\n                                                            <div class=\"pxl-post--content\">\n                                    Arquitecto: Pablo Mart\u00edn Hevia                                <\/div>\n                                                                                        <div class=\"pxl-post--readmore\">\n                                    <a class=\"btn btn-text-parallax btn-icon-box\" href=\"https:\/\/pablomartinhevia.com\/en\/trabajos\/vivienda-unifamiliar-en-pillarno\/\">\n                                        <span class=\"pxl--btn-text\">Leer m\u00e1s<\/span>\n                                        <span class=\"pxl--btn-icon\"><i class=\"flaticon-up-right-arrow\"><\/i><\/span>\n                                    <\/a>\n                                <\/div>\n                                                    <\/div>\n                    <\/div>\n                <\/div>\n                                    <div class=\"pxl-grid-item col-xl-4 col-lg-4 col-md-6 col-sm-6 col-12 vivienda-unifamiliar\">\n                    <div class=\"pxl-post--inner\" data-wow-duration=\"1.2s\">\n                                                <div class=\"pxl-post--featured hover-imge-effect3\">\n                            <a href=\"https:\/\/pablomartinhevia.com\/en\/trabajos\/vivienda-unifamiliar-en-somio-2011\/\"><img loading=\"lazy\" decoding=\"async\" class=\"\" src=\"https:\/\/pablomartinhevia.com\/wp-content\/uploads\/2025\/06\/05C-600x600.jpg\" width=\"600\" height=\"600\" alt=\"Vivienda Unifamiliar en Somio\" title=\"\" \/><\/a>\n                        <\/div>\n                        <div class=\"pxl-post--holder\">\n                            <svg class=\"pxl-post--angle\" xmlns=\"http:\/\/www.w3.org\/2000\/svg\" width=\"100%\" viewbox=\"0 0 100 100\" version=\"1.1\" preserveaspectratio=\"none\"><path stroke=\"\" stroke-width=\"0\" d=\"M0 100 L100 0 L200 100\"><\/path><\/svg>\n                                                            <div class=\"pxl-post--category link-none\">\n                                    <a href=\"https:\/\/pablomartinhevia.com\/en\/tipos-de-construccion\/vivienda-unifamiliar\/\" rel=\"tag\">Vivienda unifamiliar<\/a>                                <\/div>\n                                                        <h5 class=\"pxl-post--title\">Vivienda Unifamiliar en Somio<\/h5>\n                                                            <div class=\"pxl-post--content\">\n                                    Arquitecto: Pablo Mart\u00edn Hevia                                <\/div>\n                                                                                        <div class=\"pxl-post--readmore\">\n                                    <a class=\"btn btn-text-parallax btn-icon-box\" href=\"https:\/\/pablomartinhevia.com\/en\/trabajos\/vivienda-unifamiliar-en-somio-2011\/\">\n                                        <span class=\"pxl--btn-text\">Leer m\u00e1s<\/span>\n                                        <span class=\"pxl--btn-icon\"><i class=\"flaticon-up-right-arrow\"><\/i><\/span>\n                                    <\/a>\n                                <\/div>\n                                                    <\/div>\n                    <\/div>\n                <\/div>\n                                    <div class=\"pxl-grid-item col-xl-4 col-lg-4 col-md-6 col-sm-6 col-12 vivienda-unifamiliar\">\n                    <div class=\"pxl-post--inner\" data-wow-duration=\"1.2s\">\n                                                <div class=\"pxl-post--featured hover-imge-effect3\">\n                            <a href=\"https:\/\/pablomartinhevia.com\/en\/trabajos\/vivienda-unifamiliar-en-cabuenes\/\"><img loading=\"lazy\" decoding=\"async\" class=\"\" src=\"https:\/\/pablomartinhevia.com\/wp-content\/uploads\/2025\/06\/03B-600x600.jpg\" width=\"600\" height=\"600\" alt=\"Vivienda Unifamiliar en Cabue\u00f1es\" title=\"\" \/><\/a>\n                        <\/div>\n                        <div class=\"pxl-post--holder\">\n                            <svg class=\"pxl-post--angle\" xmlns=\"http:\/\/www.w3.org\/2000\/svg\" width=\"100%\" viewbox=\"0 0 100 100\" version=\"1.1\" preserveaspectratio=\"none\"><path stroke=\"\" stroke-width=\"0\" d=\"M0 100 L100 0 L200 100\"><\/path><\/svg>\n                                                            <div class=\"pxl-post--category link-none\">\n                                    <a href=\"https:\/\/pablomartinhevia.com\/en\/tipos-de-construccion\/vivienda-unifamiliar\/\" rel=\"tag\">Vivienda unifamiliar<\/a>                                <\/div>\n                                                        <h5 class=\"pxl-post--title\">Vivienda Unifamiliar en Cabue\u00f1es<\/h5>\n                                                            <div class=\"pxl-post--content\">\n                                    Arquitectos: Miguel D\u00edaz y Negrete \/ Pablo Mart\u00edn Hevia                                <\/div>\n                                                                                        <div class=\"pxl-post--readmore\">\n                                    <a class=\"btn btn-text-parallax btn-icon-box\" href=\"https:\/\/pablomartinhevia.com\/en\/trabajos\/vivienda-unifamiliar-en-cabuenes\/\">\n                                        <span class=\"pxl--btn-text\">Leer m\u00e1s<\/span>\n                                        <span class=\"pxl--btn-icon\"><i class=\"flaticon-up-right-arrow\"><\/i><\/span>\n                                    <\/a>\n                                <\/div>\n                                                    <\/div>\n                    <\/div>\n                <\/div>\n                                    <div class=\"pxl-grid-item col-xl-4 col-lg-4 col-md-6 col-sm-6 col-12 vivienda-unifamiliar\">\n                    <div class=\"pxl-post--inner\" data-wow-duration=\"1.2s\">\n                                                <div class=\"pxl-post--featured hover-imge-effect3\">\n                            <a href=\"https:\/\/pablomartinhevia.com\/en\/trabajos\/vivienda-unifamiliar-en-rapalcuarto\/\"><img loading=\"lazy\" decoding=\"async\" class=\"\" src=\"https:\/\/pablomartinhevia.com\/wp-content\/uploads\/2025\/06\/011b-600x600.jpg\" width=\"600\" height=\"600\" alt=\"Vivienda Unifamiliar en Rapalcuarto,\" title=\"\" \/><\/a>\n                        <\/div>\n                        <div class=\"pxl-post--holder\">\n                            <svg class=\"pxl-post--angle\" xmlns=\"http:\/\/www.w3.org\/2000\/svg\" width=\"100%\" viewbox=\"0 0 100 100\" version=\"1.1\" preserveaspectratio=\"none\"><path stroke=\"\" stroke-width=\"0\" d=\"M0 100 L100 0 L200 100\"><\/path><\/svg>\n                                                            <div class=\"pxl-post--category link-none\">\n                                    <a href=\"https:\/\/pablomartinhevia.com\/en\/tipos-de-construccion\/vivienda-unifamiliar\/\" rel=\"tag\">Vivienda unifamiliar<\/a>                                <\/div>\n                                                        <h5 class=\"pxl-post--title\">Vivienda Unifamiliar en Rapalcuarto<\/h5>\n                                                            <div class=\"pxl-post--content\">\n                                    Arquitectos: \u00a0Pablo Mart\u00edn Hevia \/ Miguel D\u00edaz y Negrete                                <\/div>\n                                                                                        <div class=\"pxl-post--readmore\">\n                                    <a class=\"btn btn-text-parallax btn-icon-box\" href=\"https:\/\/pablomartinhevia.com\/en\/trabajos\/vivienda-unifamiliar-en-rapalcuarto\/\">\n                                        <span class=\"pxl--btn-text\">Leer m\u00e1s<\/span>\n                                        <span class=\"pxl--btn-icon\"><i class=\"flaticon-up-right-arrow\"><\/i><\/span>\n                                    <\/a>\n                                <\/div>\n                                                    <\/div>\n                    <\/div>\n                <\/div>\n                                    <div class=\"pxl-grid-item col-xl-4 col-lg-4 col-md-6 col-sm-6 col-12 vivienda-unifamiliar\">\n                    <div class=\"pxl-post--inner\" data-wow-duration=\"1.2s\">\n                                                <div class=\"pxl-post--featured hover-imge-effect3\">\n                            <a href=\"https:\/\/pablomartinhevia.com\/en\/trabajos\/vivienda-unifamiliar-en-santurio-2006\/\"><img loading=\"lazy\" decoding=\"async\" class=\"\" src=\"https:\/\/pablomartinhevia.com\/wp-content\/uploads\/2025\/06\/06B-600x600.jpg\" width=\"600\" height=\"600\" alt=\"Vivienda Unifamiliar en Santurio\" title=\"\" \/><\/a>\n                        <\/div>\n                        <div class=\"pxl-post--holder\">\n                            <svg class=\"pxl-post--angle\" xmlns=\"http:\/\/www.w3.org\/2000\/svg\" width=\"100%\" viewbox=\"0 0 100 100\" version=\"1.1\" preserveaspectratio=\"none\"><path stroke=\"\" stroke-width=\"0\" d=\"M0 100 L100 0 L200 100\"><\/path><\/svg>\n                                                            <div class=\"pxl-post--category link-none\">\n                                    <a href=\"https:\/\/pablomartinhevia.com\/en\/tipos-de-construccion\/vivienda-unifamiliar\/\" rel=\"tag\">Vivienda unifamiliar<\/a>                                <\/div>\n                                                        <h5 class=\"pxl-post--title\">Vivienda Unifamiliar en Santurio<\/h5>\n                                                            <div class=\"pxl-post--content\">\n                                    Arquitectos: Miguel D\u00edaz y Negrete \/ Pablo Mart\u00edn Hevia                                <\/div>\n                                                                                        <div class=\"pxl-post--readmore\">\n                                    <a class=\"btn btn-text-parallax btn-icon-box\" href=\"https:\/\/pablomartinhevia.com\/en\/trabajos\/vivienda-unifamiliar-en-santurio-2006\/\">\n                                        <span class=\"pxl--btn-text\">Leer m\u00e1s<\/span>\n                                        <span class=\"pxl--btn-icon\"><i class=\"flaticon-up-right-arrow\"><\/i><\/span>\n                                    <\/a>\n                                <\/div>\n                                                    <\/div>\n                    <\/div>\n                <\/div>\n                                    <div class=\"pxl-grid-item col-xl-4 col-lg-4 col-md-6 col-sm-6 col-12 vivienda-unifamiliar\">\n                    <div class=\"pxl-post--inner\" data-wow-duration=\"1.2s\">\n                                                <div class=\"pxl-post--featured hover-imge-effect3\">\n                            <a href=\"https:\/\/pablomartinhevia.com\/en\/trabajos\/vivienda-unifamiliar-en-somio-2006\/\"><img loading=\"lazy\" decoding=\"async\" class=\"\" src=\"https:\/\/pablomartinhevia.com\/wp-content\/uploads\/2025\/06\/08-600x600.jpg\" width=\"600\" height=\"600\" alt=\"Vivienda Unifamiliar en Somio, 2.006. Gij\u00f3n.\" title=\"\" \/><\/a>\n                        <\/div>\n                        <div class=\"pxl-post--holder\">\n                            <svg class=\"pxl-post--angle\" xmlns=\"http:\/\/www.w3.org\/2000\/svg\" width=\"100%\" viewbox=\"0 0 100 100\" version=\"1.1\" preserveaspectratio=\"none\"><path stroke=\"\" stroke-width=\"0\" d=\"M0 100 L100 0 L200 100\"><\/path><\/svg>\n                                                            <div class=\"pxl-post--category link-none\">\n                                    <a href=\"https:\/\/pablomartinhevia.com\/en\/tipos-de-construccion\/vivienda-unifamiliar\/\" rel=\"tag\">Vivienda unifamiliar<\/a>                                <\/div>\n                                                        <h5 class=\"pxl-post--title\">Vivienda Unifamiliar en Somio<\/h5>\n                                                            <div class=\"pxl-post--content\">\n                                    Arquitectos: Miguel D\u00edaz y Negrete \/ Pablo Mart\u00edn Hevia                                <\/div>\n                                                                                        <div class=\"pxl-post--readmore\">\n                                    <a class=\"btn btn-text-parallax btn-icon-box\" href=\"https:\/\/pablomartinhevia.com\/en\/trabajos\/vivienda-unifamiliar-en-somio-2006\/\">\n                                        <span class=\"pxl--btn-text\">Leer m\u00e1s<\/span>\n                                        <span class=\"pxl--btn-icon\"><i class=\"flaticon-up-right-arrow\"><\/i><\/span>\n                                    <\/a>\n                                <\/div>\n                                                    <\/div>\n                    <\/div>\n                <\/div>\n                                    <div class=\"pxl-grid-item col-xl-4 col-lg-4 col-md-6 col-sm-6 col-12 vivienda-unifamiliar\">\n                    <div class=\"pxl-post--inner\" data-wow-duration=\"1.2s\">\n                                                <div class=\"pxl-post--featured hover-imge-effect3\">\n                            <a href=\"https:\/\/pablomartinhevia.com\/en\/trabajos\/vivienda-unifamiliar-en-somio-2\/\"><img loading=\"lazy\" decoding=\"async\" class=\"\" src=\"https:\/\/pablomartinhevia.com\/wp-content\/uploads\/2025\/06\/07-600x600.jpg\" width=\"600\" height=\"600\" alt=\"Vivienda Unifamiliar en Somio\" title=\"\" \/><\/a>\n                        <\/div>\n                        <div class=\"pxl-post--holder\">\n                            <svg class=\"pxl-post--angle\" xmlns=\"http:\/\/www.w3.org\/2000\/svg\" width=\"100%\" viewbox=\"0 0 100 100\" version=\"1.1\" preserveaspectratio=\"none\"><path stroke=\"\" stroke-width=\"0\" d=\"M0 100 L100 0 L200 100\"><\/path><\/svg>\n                                                            <div class=\"pxl-post--category link-none\">\n                                    <a href=\"https:\/\/pablomartinhevia.com\/en\/tipos-de-construccion\/vivienda-unifamiliar\/\" rel=\"tag\">Vivienda unifamiliar<\/a>                                <\/div>\n                                                        <h5 class=\"pxl-post--title\">Vivienda Unifamiliar en Somio<\/h5>\n                                                            <div class=\"pxl-post--content\">\n                                    Arquitectos: Miguel D\u00edaz y Negrete \/ Pablo Mart\u00edn Hevia                                <\/div>\n                                                                                        <div class=\"pxl-post--readmore\">\n                                    <a class=\"btn btn-text-parallax btn-icon-box\" href=\"https:\/\/pablomartinhevia.com\/en\/trabajos\/vivienda-unifamiliar-en-somio-2\/\">\n                                        <span class=\"pxl--btn-text\">Leer m\u00e1s<\/span>\n                                        <span class=\"pxl--btn-icon\"><i class=\"flaticon-up-right-arrow\"><\/i><\/span>\n                                    <\/a>\n                                <\/div>\n                                                    <\/div>\n                    <\/div>\n                <\/div>\n                                    <div class=\"pxl-grid-item col-xl-4 col-lg-4 col-md-6 col-sm-6 col-12 vivienda-unifamiliar\">\n                    <div class=\"pxl-post--inner\" data-wow-duration=\"1.2s\">\n                                                <div class=\"pxl-post--featured hover-imge-effect3\">\n                            <a href=\"https:\/\/pablomartinhevia.com\/en\/trabajos\/vivienda-unifamiliar-en-montecerrado\/\"><img loading=\"lazy\" decoding=\"async\" class=\"\" src=\"https:\/\/pablomartinhevia.com\/wp-content\/uploads\/2025\/06\/013-600x600.jpg\" width=\"600\" height=\"600\" alt=\"Vivienda Unifamiliar en Montecerrado\" title=\"\" \/><\/a>\n                        <\/div>\n                        <div class=\"pxl-post--holder\">\n                            <svg class=\"pxl-post--angle\" xmlns=\"http:\/\/www.w3.org\/2000\/svg\" width=\"100%\" viewbox=\"0 0 100 100\" version=\"1.1\" preserveaspectratio=\"none\"><path stroke=\"\" stroke-width=\"0\" d=\"M0 100 L100 0 L200 100\"><\/path><\/svg>\n                                                            <div class=\"pxl-post--category link-none\">\n                                    <a href=\"https:\/\/pablomartinhevia.com\/en\/tipos-de-construccion\/vivienda-unifamiliar\/\" rel=\"tag\">Vivienda unifamiliar<\/a>                                <\/div>\n                                                        <h5 class=\"pxl-post--title\">Vivienda Unifamiliar en Montecerrado<\/h5>\n                                                            <div class=\"pxl-post--content\">\n                                    Arquitectos: Miguel D\u00edaz y Negrete \/ Pablo Mart\u00edn Hevia                                <\/div>\n                                                                                        <div class=\"pxl-post--readmore\">\n                                    <a class=\"btn btn-text-parallax btn-icon-box\" href=\"https:\/\/pablomartinhevia.com\/en\/trabajos\/vivienda-unifamiliar-en-montecerrado\/\">\n                                        <span class=\"pxl--btn-text\">Leer m\u00e1s<\/span>\n                                        <span class=\"pxl--btn-icon\"><i class=\"flaticon-up-right-arrow\"><\/i><\/span>\n                                    <\/a>\n                                <\/div>\n                                                    <\/div>\n                    <\/div>\n                <\/div>\n                                    <div class=\"pxl-grid-item col-xl-4 col-lg-4 col-md-6 col-sm-6 col-12 rehabilitacion\">\n                    <div class=\"pxl-post--inner\" data-wow-duration=\"1.2s\">\n                                                <div class=\"pxl-post--featured hover-imge-effect3\">\n                            <a href=\"https:\/\/pablomartinhevia.com\/en\/trabajos\/rehabilitacion-de-kiosco\/\"><img loading=\"lazy\" decoding=\"async\" class=\"\" src=\"https:\/\/pablomartinhevia.com\/wp-content\/uploads\/2025\/06\/RH10-600x600.jpg\" width=\"600\" height=\"600\" alt=\"Rehabilitaci\u00f3n de kiosco\" title=\"\" \/><\/a>\n                        <\/div>\n                        <div class=\"pxl-post--holder\">\n                            <svg class=\"pxl-post--angle\" xmlns=\"http:\/\/www.w3.org\/2000\/svg\" width=\"100%\" viewbox=\"0 0 100 100\" version=\"1.1\" preserveaspectratio=\"none\"><path stroke=\"\" stroke-width=\"0\" d=\"M0 100 L100 0 L200 100\"><\/path><\/svg>\n                                                            <div class=\"pxl-post--category link-none\">\n                                    <a href=\"https:\/\/pablomartinhevia.com\/en\/tipos-de-construccion\/rehabilitacion\/\" rel=\"tag\">Rehabilitaci\u00f3n<\/a>                                <\/div>\n                                                        <h5 class=\"pxl-post--title\">Rehabilitaci\u00f3n kiosco<\/h5>\n                                                            <div class=\"pxl-post--content\">\n                                    Arquitectos: Pablo Mart\u00edn Hevia \/ In\u00e9s D\u00edaz-Negrete Palacio                                <\/div>\n                                                                                        <div class=\"pxl-post--readmore\">\n                                    <a class=\"btn btn-text-parallax btn-icon-box\" href=\"https:\/\/pablomartinhevia.com\/en\/trabajos\/rehabilitacion-de-kiosco\/\">\n                                        <span class=\"pxl--btn-text\">Leer m\u00e1s<\/span>\n                                        <span class=\"pxl--btn-icon\"><i class=\"flaticon-up-right-arrow\"><\/i><\/span>\n                                    <\/a>\n                                <\/div>\n                                                    <\/div>\n                    <\/div>\n                <\/div>\n                                    <div class=\"pxl-grid-item col-xl-4 col-lg-4 col-md-6 col-sm-6 col-12 rehabilitacion\">\n                    <div class=\"pxl-post--inner\" data-wow-duration=\"1.2s\">\n                                                <div class=\"pxl-post--featured hover-imge-effect3\">\n                            <a href=\"https:\/\/pablomartinhevia.com\/en\/trabajos\/rehabilitacion-de-fachadafundacion-cespa\/\"><img loading=\"lazy\" decoding=\"async\" class=\"\" src=\"https:\/\/pablomartinhevia.com\/wp-content\/uploads\/2025\/07\/RH09-600x600.jpg\" width=\"600\" height=\"600\" alt=\"Rehabilitaci\u00f3n de fachada\" title=\"\" \/><\/a>\n                        <\/div>\n                        <div class=\"pxl-post--holder\">\n                            <svg class=\"pxl-post--angle\" xmlns=\"http:\/\/www.w3.org\/2000\/svg\" width=\"100%\" viewbox=\"0 0 100 100\" version=\"1.1\" preserveaspectratio=\"none\"><path stroke=\"\" stroke-width=\"0\" d=\"M0 100 L100 0 L200 100\"><\/path><\/svg>\n                                                            <div class=\"pxl-post--category link-none\">\n                                    <a href=\"https:\/\/pablomartinhevia.com\/en\/tipos-de-construccion\/rehabilitacion\/\" rel=\"tag\">Rehabilitaci\u00f3n<\/a>                                <\/div>\n                                                        <h5 class=\"pxl-post--title\">Rehabilitaci\u00f3n de fachada Fundaci\u00f3n CESPA<\/h5>\n                                                            <div class=\"pxl-post--content\">\n                                    Arquitectos: Pablo Mart\u00edn Hevia \/ Ines D\u00edaz-Negrete Palacio                                <\/div>\n                                                                                        <div class=\"pxl-post--readmore\">\n                                    <a class=\"btn btn-text-parallax btn-icon-box\" href=\"https:\/\/pablomartinhevia.com\/en\/trabajos\/rehabilitacion-de-fachadafundacion-cespa\/\">\n                                        <span class=\"pxl--btn-text\">Leer m\u00e1s<\/span>\n                                        <span class=\"pxl--btn-icon\"><i class=\"flaticon-up-right-arrow\"><\/i><\/span>\n                                    <\/a>\n                                <\/div>\n                                                    <\/div>\n                    <\/div>\n                <\/div>\n                                    <div class=\"pxl-grid-item col-xl-4 col-lg-4 col-md-6 col-sm-6 col-12 rehabilitacion\">\n                    <div class=\"pxl-post--inner\" data-wow-duration=\"1.2s\">\n                                                <div class=\"pxl-post--featured hover-imge-effect3\">\n                            <a href=\"https:\/\/pablomartinhevia.com\/en\/trabajos\/rehabilitacion-de-fachadas\/\"><img loading=\"lazy\" decoding=\"async\" class=\"\" src=\"https:\/\/pablomartinhevia.com\/wp-content\/uploads\/2025\/07\/RH02-scaled-600x600.jpg\" width=\"600\" height=\"600\" alt=\"Rehabilitaci\u00f3n de fachada\" title=\"\" \/><\/a>\n                        <\/div>\n                        <div class=\"pxl-post--holder\">\n                            <svg class=\"pxl-post--angle\" xmlns=\"http:\/\/www.w3.org\/2000\/svg\" width=\"100%\" viewbox=\"0 0 100 100\" version=\"1.1\" preserveaspectratio=\"none\"><path stroke=\"\" stroke-width=\"0\" d=\"M0 100 L100 0 L200 100\"><\/path><\/svg>\n                                                            <div class=\"pxl-post--category link-none\">\n                                    <a href=\"https:\/\/pablomartinhevia.com\/en\/tipos-de-construccion\/rehabilitacion\/\" rel=\"tag\">Rehabilitaci\u00f3n<\/a>                                <\/div>\n                                                        <h5 class=\"pxl-post--title\">Rehabilitaci\u00f3n de fachada Jovellanos 5<\/h5>\n                                                            <div class=\"pxl-post--content\">\n                                    Arquitectos: Pablo Mart\u00edn Hevia \/ Ines D\u00edaz-Negrete Palacio                                <\/div>\n                                                                                        <div class=\"pxl-post--readmore\">\n                                    <a class=\"btn btn-text-parallax btn-icon-box\" href=\"https:\/\/pablomartinhevia.com\/en\/trabajos\/rehabilitacion-de-fachadas\/\">\n                                        <span class=\"pxl--btn-text\">Leer m\u00e1s<\/span>\n                                        <span class=\"pxl--btn-icon\"><i class=\"flaticon-up-right-arrow\"><\/i><\/span>\n                                    <\/a>\n                                <\/div>\n                                                    <\/div>\n                    <\/div>\n                <\/div>\n                                    <div class=\"pxl-grid-item col-xl-4 col-lg-4 col-md-6 col-sm-6 col-12 rehabilitacion\">\n                    <div class=\"pxl-post--inner\" data-wow-duration=\"1.2s\">\n                                                <div class=\"pxl-post--featured hover-imge-effect3\">\n                            <a href=\"https:\/\/pablomartinhevia.com\/en\/trabajos\/rehabilitacion-de-fachadas-en-edificio-2\/\"><img loading=\"lazy\" decoding=\"async\" class=\"\" src=\"https:\/\/pablomartinhevia.com\/wp-content\/uploads\/2025\/07\/RH07B-scaled-600x600.jpg\" width=\"600\" height=\"600\" alt=\"Rehabilitaci\u00f3n de fachada\" title=\"\" \/><\/a>\n                        <\/div>\n                        <div class=\"pxl-post--holder\">\n                            <svg class=\"pxl-post--angle\" xmlns=\"http:\/\/www.w3.org\/2000\/svg\" width=\"100%\" viewbox=\"0 0 100 100\" version=\"1.1\" preserveaspectratio=\"none\"><path stroke=\"\" stroke-width=\"0\" d=\"M0 100 L100 0 L200 100\"><\/path><\/svg>\n                                                            <div class=\"pxl-post--category link-none\">\n                                    <a href=\"https:\/\/pablomartinhevia.com\/en\/tipos-de-construccion\/rehabilitacion\/\" rel=\"tag\">Rehabilitaci\u00f3n<\/a>                                <\/div>\n                                                        <h5 class=\"pxl-post--title\">Rehabilitaci\u00f3n de fachadas Marqu\u00e9s de San Esteban 4<\/h5>\n                                                            <div class=\"pxl-post--content\">\n                                    Arquitectos: Pablo Mart\u00edn Hevia \/ Ines D\u00edaz-Negrete Palacio                                <\/div>\n                                                                                        <div class=\"pxl-post--readmore\">\n                                    <a class=\"btn btn-text-parallax btn-icon-box\" href=\"https:\/\/pablomartinhevia.com\/en\/trabajos\/rehabilitacion-de-fachadas-en-edificio-2\/\">\n                                        <span class=\"pxl--btn-text\">Leer m\u00e1s<\/span>\n                                        <span class=\"pxl--btn-icon\"><i class=\"flaticon-up-right-arrow\"><\/i><\/span>\n                                    <\/a>\n                                <\/div>\n                                                    <\/div>\n                    <\/div>\n                <\/div>\n                                    <div class=\"pxl-grid-item col-xl-4 col-lg-4 col-md-6 col-sm-6 col-12 rehabilitacion\">\n                    <div class=\"pxl-post--inner\" data-wow-duration=\"1.2s\">\n                                                <div class=\"pxl-post--featured hover-imge-effect3\">\n                            <a href=\"https:\/\/pablomartinhevia.com\/en\/trabajos\/rehabilitacion-de-fachada-en-edificio\/\"><img loading=\"lazy\" decoding=\"async\" class=\"\" src=\"https:\/\/pablomartinhevia.com\/wp-content\/uploads\/2025\/07\/RH04-scaled-600x600.jpg\" width=\"600\" height=\"600\" alt=\"Rehabilitaci\u00f3n de fachada\" title=\"\" \/><\/a>\n                        <\/div>\n                        <div class=\"pxl-post--holder\">\n                            <svg class=\"pxl-post--angle\" xmlns=\"http:\/\/www.w3.org\/2000\/svg\" width=\"100%\" viewbox=\"0 0 100 100\" version=\"1.1\" preserveaspectratio=\"none\"><path stroke=\"\" stroke-width=\"0\" d=\"M0 100 L100 0 L200 100\"><\/path><\/svg>\n                                                            <div class=\"pxl-post--category link-none\">\n                                    <a href=\"https:\/\/pablomartinhevia.com\/en\/tipos-de-construccion\/rehabilitacion\/\" rel=\"tag\">Rehabilitaci\u00f3n<\/a>                                <\/div>\n                                                        <h5 class=\"pxl-post--title\">Rehabilitaci\u00f3n de fachada en edificio Pelayo 5<\/h5>\n                                                            <div class=\"pxl-post--content\">\n                                    Arquitectos: Pablo Mart\u00edn Hevia \/ Ines D\u00edaz-Negrete Palacio                                <\/div>\n                                                                                        <div class=\"pxl-post--readmore\">\n                                    <a class=\"btn btn-text-parallax btn-icon-box\" href=\"https:\/\/pablomartinhevia.com\/en\/trabajos\/rehabilitacion-de-fachada-en-edificio\/\">\n                                        <span class=\"pxl--btn-text\">Leer m\u00e1s<\/span>\n                                        <span class=\"pxl--btn-icon\"><i class=\"flaticon-up-right-arrow\"><\/i><\/span>\n                                    <\/a>\n                                <\/div>\n                                                    <\/div>\n                    <\/div>\n                <\/div>\n                                    <div class=\"pxl-grid-item col-xl-4 col-lg-4 col-md-6 col-sm-6 col-12 rehabilitacion\">\n                    <div class=\"pxl-post--inner\" data-wow-duration=\"1.2s\">\n                                                <div class=\"pxl-post--featured hover-imge-effect3\">\n                            <a href=\"https:\/\/pablomartinhevia.com\/en\/trabajos\/rehabilitacion-de-fachadas-en-edificio\/\"><img loading=\"lazy\" decoding=\"async\" class=\"\" src=\"https:\/\/pablomartinhevia.com\/wp-content\/uploads\/2025\/06\/RH11-600x600.jpg\" width=\"600\" height=\"600\" alt=\"Rehabilitaci\u00f3n de fachadas en edificio\" title=\"\" \/><\/a>\n                        <\/div>\n                        <div class=\"pxl-post--holder\">\n                            <svg class=\"pxl-post--angle\" xmlns=\"http:\/\/www.w3.org\/2000\/svg\" width=\"100%\" viewbox=\"0 0 100 100\" version=\"1.1\" preserveaspectratio=\"none\"><path stroke=\"\" stroke-width=\"0\" d=\"M0 100 L100 0 L200 100\"><\/path><\/svg>\n                                                            <div class=\"pxl-post--category link-none\">\n                                    <a href=\"https:\/\/pablomartinhevia.com\/en\/tipos-de-construccion\/rehabilitacion\/\" rel=\"tag\">Rehabilitaci\u00f3n<\/a>                                <\/div>\n                                                        <h5 class=\"pxl-post--title\">Rehabilitaci\u00f3n de fachadas en edificio<\/h5>\n                                                            <div class=\"pxl-post--content\">\n                                    Arquitecto: Pablo Mart\u00edn Hevia C\/ Llanes 4 y 6 Gij\u00f3n, 2013.                                <\/div>\n                                                                                        <div class=\"pxl-post--readmore\">\n                                    <a class=\"btn btn-text-parallax btn-icon-box\" href=\"https:\/\/pablomartinhevia.com\/en\/trabajos\/rehabilitacion-de-fachadas-en-edificio\/\">\n                                        <span class=\"pxl--btn-text\">Leer m\u00e1s<\/span>\n                                        <span class=\"pxl--btn-icon\"><i class=\"flaticon-up-right-arrow\"><\/i><\/span>\n                                    <\/a>\n                                <\/div>\n                                                    <\/div>\n                    <\/div>\n                <\/div>\n                                    <div class=\"pxl-grid-item col-xl-4 col-lg-4 col-md-6 col-sm-6 col-12 rehabilitacion\">\n                    <div class=\"pxl-post--inner\" data-wow-duration=\"1.2s\">\n                                                <div class=\"pxl-post--featured hover-imge-effect3\">\n                            <a href=\"https:\/\/pablomartinhevia.com\/en\/trabajos\/rehabilitacion-de-fachadas-en-edificio-calle-cabrales\/\"><img loading=\"lazy\" decoding=\"async\" class=\"\" src=\"https:\/\/pablomartinhevia.com\/wp-content\/uploads\/2025\/07\/RH03-600x600.jpg\" width=\"600\" height=\"600\" alt=\"Rehabilitaci\u00f3n de fachada\" title=\"\" \/><\/a>\n                        <\/div>\n                        <div class=\"pxl-post--holder\">\n                            <svg class=\"pxl-post--angle\" xmlns=\"http:\/\/www.w3.org\/2000\/svg\" width=\"100%\" viewbox=\"0 0 100 100\" version=\"1.1\" preserveaspectratio=\"none\"><path stroke=\"\" stroke-width=\"0\" d=\"M0 100 L100 0 L200 100\"><\/path><\/svg>\n                                                            <div class=\"pxl-post--category link-none\">\n                                    <a href=\"https:\/\/pablomartinhevia.com\/en\/tipos-de-construccion\/rehabilitacion\/\" rel=\"tag\">Rehabilitaci\u00f3n<\/a>                                <\/div>\n                                                        <h5 class=\"pxl-post--title\">Rehabilitaci\u00f3n de fachadas en edificio<\/h5>\n                                                            <div class=\"pxl-post--content\">\n                                    Arquitecto: Pablo Mart\u00edn Hevia                                <\/div>\n                                                                                        <div class=\"pxl-post--readmore\">\n                                    <a class=\"btn btn-text-parallax btn-icon-box\" href=\"https:\/\/pablomartinhevia.com\/en\/trabajos\/rehabilitacion-de-fachadas-en-edificio-calle-cabrales\/\">\n                                        <span class=\"pxl--btn-text\">Leer m\u00e1s<\/span>\n                                        <span class=\"pxl--btn-icon\"><i class=\"flaticon-up-right-arrow\"><\/i><\/span>\n                                    <\/a>\n                                <\/div>\n                                                    <\/div>\n                    <\/div>\n                <\/div>\n                                    <div class=\"pxl-grid-item col-xl-4 col-lg-4 col-md-6 col-sm-6 col-12 rehabilitacion\">\n                    <div class=\"pxl-post--inner\" data-wow-duration=\"1.2s\">\n                                                <div class=\"pxl-post--featured hover-imge-effect3\">\n                            <a href=\"https:\/\/pablomartinhevia.com\/en\/trabajos\/rehabilitacion-de-fachadas-en-edificio-constitucion\/\"><img loading=\"lazy\" decoding=\"async\" class=\"\" src=\"https:\/\/pablomartinhevia.com\/wp-content\/uploads\/2025\/07\/RH08-1-600x600.jpg\" width=\"600\" height=\"600\" alt=\"fachada rehabilitaci\u00f3n\" title=\"\" \/><\/a>\n                        <\/div>\n                        <div class=\"pxl-post--holder\">\n                            <svg class=\"pxl-post--angle\" xmlns=\"http:\/\/www.w3.org\/2000\/svg\" width=\"100%\" viewbox=\"0 0 100 100\" version=\"1.1\" preserveaspectratio=\"none\"><path stroke=\"\" stroke-width=\"0\" d=\"M0 100 L100 0 L200 100\"><\/path><\/svg>\n                                                            <div class=\"pxl-post--category link-none\">\n                                    <a href=\"https:\/\/pablomartinhevia.com\/en\/tipos-de-construccion\/rehabilitacion\/\" rel=\"tag\">Rehabilitaci\u00f3n<\/a>                                <\/div>\n                                                        <h5 class=\"pxl-post--title\">Rehabilitaci\u00f3n de fachadas en edificio Constitucion 19<\/h5>\n                                                            <div class=\"pxl-post--content\">\n                                    Arquitecto: Pablo Mart\u00edn Hevia                                <\/div>\n                                                                                        <div class=\"pxl-post--readmore\">\n                                    <a class=\"btn btn-text-parallax btn-icon-box\" href=\"https:\/\/pablomartinhevia.com\/en\/trabajos\/rehabilitacion-de-fachadas-en-edificio-constitucion\/\">\n                                        <span class=\"pxl--btn-text\">Leer m\u00e1s<\/span>\n                                        <span class=\"pxl--btn-icon\"><i class=\"flaticon-up-right-arrow\"><\/i><\/span>\n                                    <\/a>\n                                <\/div>\n                                                    <\/div>\n                    <\/div>\n                <\/div>\n                                    <div class=\"pxl-grid-item col-xl-4 col-lg-4 col-md-6 col-sm-6 col-12 rehabilitacion\">\n                    <div class=\"pxl-post--inner\" data-wow-duration=\"1.2s\">\n                                                <div class=\"pxl-post--featured hover-imge-effect3\">\n                            <a href=\"https:\/\/pablomartinhevia.com\/en\/trabajos\/restauracion-y-rehabilitacion-de-fachadas-edificio\/\"><img loading=\"lazy\" decoding=\"async\" class=\"\" src=\"https:\/\/pablomartinhevia.com\/wp-content\/uploads\/2025\/07\/RH01-600x600.jpg\" width=\"600\" height=\"600\" alt=\"Rehabilitaci\u00f3n de fachada\" title=\"\" \/><\/a>\n                        <\/div>\n                        <div class=\"pxl-post--holder\">\n                            <svg class=\"pxl-post--angle\" xmlns=\"http:\/\/www.w3.org\/2000\/svg\" width=\"100%\" viewbox=\"0 0 100 100\" version=\"1.1\" preserveaspectratio=\"none\"><path stroke=\"\" stroke-width=\"0\" d=\"M0 100 L100 0 L200 100\"><\/path><\/svg>\n                                                            <div class=\"pxl-post--category link-none\">\n                                    <a href=\"https:\/\/pablomartinhevia.com\/en\/tipos-de-construccion\/rehabilitacion\/\" rel=\"tag\">Rehabilitaci\u00f3n<\/a>                                <\/div>\n                                                        <h5 class=\"pxl-post--title\">Restauraci\u00f3n y rehabilitaci\u00f3n de fachadas edificio Covadonga<\/h5>\n                                                            <div class=\"pxl-post--content\">\n                                    Arquitectos: Miguel D\u00edaz y Negrete \/ Pablo Mart\u00edn Hevia                                <\/div>\n                                                                                        <div class=\"pxl-post--readmore\">\n                                    <a class=\"btn btn-text-parallax btn-icon-box\" href=\"https:\/\/pablomartinhevia.com\/en\/trabajos\/restauracion-y-rehabilitacion-de-fachadas-edificio\/\">\n                                        <span class=\"pxl--btn-text\">Leer m\u00e1s<\/span>\n                                        <span class=\"pxl--btn-icon\"><i class=\"flaticon-up-right-arrow\"><\/i><\/span>\n                                    <\/a>\n                                <\/div>\n                                                    <\/div>\n                    <\/div>\n                <\/div>\n                                    <div class=\"pxl-grid-item col-xl-4 col-lg-4 col-md-6 col-sm-6 col-12 rehabilitacion\">\n                    <div class=\"pxl-post--inner\" data-wow-duration=\"1.2s\">\n                                                <div class=\"pxl-post--featured hover-imge-effect3\">\n                            <a href=\"https:\/\/pablomartinhevia.com\/en\/trabajos\/restauracion-de-la-iglesia-parroquial-de-san-lorenzo\/\"><img loading=\"lazy\" decoding=\"async\" class=\"\" src=\"https:\/\/pablomartinhevia.com\/wp-content\/uploads\/2025\/07\/RH06A-scaled-600x600.jpg\" width=\"600\" height=\"600\" alt=\"Rehabilitaci\u00f3n de fachada\" title=\"\" \/><\/a>\n                        <\/div>\n                        <div class=\"pxl-post--holder\">\n                            <svg class=\"pxl-post--angle\" xmlns=\"http:\/\/www.w3.org\/2000\/svg\" width=\"100%\" viewbox=\"0 0 100 100\" version=\"1.1\" preserveaspectratio=\"none\"><path stroke=\"\" stroke-width=\"0\" d=\"M0 100 L100 0 L200 100\"><\/path><\/svg>\n                                                            <div class=\"pxl-post--category link-none\">\n                                    <a href=\"https:\/\/pablomartinhevia.com\/en\/tipos-de-construccion\/rehabilitacion\/\" rel=\"tag\">Rehabilitaci\u00f3n<\/a>                                <\/div>\n                                                        <h5 class=\"pxl-post--title\">Restauraci\u00f3n de la Iglesia Parroquial de San Lorenzo<\/h5>\n                                                            <div class=\"pxl-post--content\">\n                                    Arquitectos: Miguel D\u00edaz y Negrete \/ Pablo Mart\u00edn Hevia                                <\/div>\n                                                                                        <div class=\"pxl-post--readmore\">\n                                    <a class=\"btn btn-text-parallax btn-icon-box\" href=\"https:\/\/pablomartinhevia.com\/en\/trabajos\/restauracion-de-la-iglesia-parroquial-de-san-lorenzo\/\">\n                                        <span class=\"pxl--btn-text\">Leer m\u00e1s<\/span>\n                                        <span class=\"pxl--btn-icon\"><i class=\"flaticon-up-right-arrow\"><\/i><\/span>\n                                    <\/a>\n                                <\/div>\n                                                    <\/div>\n                    <\/div>\n                <\/div>\n                                    <div class=\"pxl-grid-item col-xl-4 col-lg-4 col-md-6 col-sm-6 col-12 rehabilitacion\">\n                    <div class=\"pxl-post--inner\" data-wow-duration=\"1.2s\">\n                                                <div class=\"pxl-post--featured hover-imge-effect3\">\n                            <a href=\"https:\/\/pablomartinhevia.com\/en\/trabajos\/restauracion-y-rehabilitacion-de-edificio-de-viviendas\/\"><img loading=\"lazy\" decoding=\"async\" class=\"\" src=\"https:\/\/pablomartinhevia.com\/wp-content\/uploads\/2025\/07\/RH05-scaled-600x600.jpg\" width=\"600\" height=\"600\" alt=\"Rehabilitaci\u00f3n de fachada\" title=\"\" \/><\/a>\n                        <\/div>\n                        <div class=\"pxl-post--holder\">\n                            <svg class=\"pxl-post--angle\" xmlns=\"http:\/\/www.w3.org\/2000\/svg\" width=\"100%\" viewbox=\"0 0 100 100\" version=\"1.1\" preserveaspectratio=\"none\"><path stroke=\"\" stroke-width=\"0\" d=\"M0 100 L100 0 L200 100\"><\/path><\/svg>\n                                                            <div class=\"pxl-post--category link-none\">\n                                    <a href=\"https:\/\/pablomartinhevia.com\/en\/tipos-de-construccion\/rehabilitacion\/\" rel=\"tag\">Rehabilitaci\u00f3n<\/a>                                <\/div>\n                                                        <h5 class=\"pxl-post--title\">Restauraci\u00f3n y Rehabilitaci\u00f3n de Edificio de viviendas<\/h5>\n                                                            <div class=\"pxl-post--content\">\n                                    Arquitectos: Miguel D\u00edaz y Negrete \/ Pablo Mart\u00edn Hevia \/Mauro Castro Dura                                <\/div>\n                                                                                        <div class=\"pxl-post--readmore\">\n                                    <a class=\"btn btn-text-parallax btn-icon-box\" href=\"https:\/\/pablomartinhevia.com\/en\/trabajos\/restauracion-y-rehabilitacion-de-edificio-de-viviendas\/\">\n                                        <span class=\"pxl--btn-text\">Leer m\u00e1s<\/span>\n                                        <span class=\"pxl--btn-icon\"><i class=\"flaticon-up-right-arrow\"><\/i><\/span>\n                                    <\/a>\n                                <\/div>\n                                                    <\/div>\n                    <\/div>\n                <\/div>\n                                    <div class=\"pxl-grid-item col-xl-4 col-lg-4 col-md-6 col-sm-6 col-12 uso-deportivo otros-usos\">\n                    <div class=\"pxl-post--inner\" data-wow-duration=\"1.2s\">\n                                                <div class=\"pxl-post--featured hover-imge-effect3\">\n                            <a href=\"https:\/\/pablomartinhevia.com\/en\/trabajos\/pistas-deportivas-en-finca-vegapresas\/\"><img loading=\"lazy\" decoding=\"async\" class=\"\" src=\"https:\/\/pablomartinhevia.com\/wp-content\/uploads\/2025\/07\/03-600x600.jpg\" width=\"600\" height=\"600\" alt=\"zona recreo\" title=\"\" \/><\/a>\n                        <\/div>\n                        <div class=\"pxl-post--holder\">\n                            <svg class=\"pxl-post--angle\" xmlns=\"http:\/\/www.w3.org\/2000\/svg\" width=\"100%\" viewbox=\"0 0 100 100\" version=\"1.1\" preserveaspectratio=\"none\"><path stroke=\"\" stroke-width=\"0\" d=\"M0 100 L100 0 L200 100\"><\/path><\/svg>\n                                                            <div class=\"pxl-post--category link-none\">\n                                    <a href=\"https:\/\/pablomartinhevia.com\/en\/tipos-de-construccion\/uso-deportivo\/\" rel=\"tag\">Deportivo, Terciario, Educacional<\/a> <a href=\"https:\/\/pablomartinhevia.com\/en\/tipos-de-construccion\/otros-usos\/\" rel=\"tag\">Otros usos<\/a>                                <\/div>\n                                                        <h5 class=\"pxl-post--title\">Pistas deportivas en finca Vegapresas<\/h5>\n                                                            <div class=\"pxl-post--content\">\n                                    Arquitecto: Pablo Mart\u00edn Hevia                                <\/div>\n                                                                                        <div class=\"pxl-post--readmore\">\n                                    <a class=\"btn btn-text-parallax btn-icon-box\" href=\"https:\/\/pablomartinhevia.com\/en\/trabajos\/pistas-deportivas-en-finca-vegapresas\/\">\n                                        <span class=\"pxl--btn-text\">Leer m\u00e1s<\/span>\n                                        <span class=\"pxl--btn-icon\"><i class=\"flaticon-up-right-arrow\"><\/i><\/span>\n                                    <\/a>\n                                <\/div>\n                                                    <\/div>\n                    <\/div>\n                <\/div>\n                                    <div class=\"pxl-grid-item col-xl-4 col-lg-4 col-md-6 col-sm-6 col-12 uso-deportivo otros-usos\">\n                    <div class=\"pxl-post--inner\" data-wow-duration=\"1.2s\">\n                                                <div class=\"pxl-post--featured hover-imge-effect3\">\n                            <a href=\"https:\/\/pablomartinhevia.com\/en\/trabajos\/edificio-para-gimnasio-comedor-y-salon-de-actos-en-el-colegio-de-la-asuncion\/\"><img loading=\"lazy\" decoding=\"async\" class=\"\" src=\"https:\/\/pablomartinhevia.com\/wp-content\/uploads\/2025\/07\/01B-600x600.jpg\" width=\"600\" height=\"600\" alt=\"Edificio para Gimnasio, comedor y Sal\u00f3n de Actos en el Colegio de la Asunci\u00f3n.\" title=\"\" \/><\/a>\n                        <\/div>\n                        <div class=\"pxl-post--holder\">\n                            <svg class=\"pxl-post--angle\" xmlns=\"http:\/\/www.w3.org\/2000\/svg\" width=\"100%\" viewbox=\"0 0 100 100\" version=\"1.1\" preserveaspectratio=\"none\"><path stroke=\"\" stroke-width=\"0\" d=\"M0 100 L100 0 L200 100\"><\/path><\/svg>\n                                                            <div class=\"pxl-post--category link-none\">\n                                    <a href=\"https:\/\/pablomartinhevia.com\/en\/tipos-de-construccion\/uso-deportivo\/\" rel=\"tag\">Deportivo, Terciario, Educacional<\/a> <a href=\"https:\/\/pablomartinhevia.com\/en\/tipos-de-construccion\/otros-usos\/\" rel=\"tag\">Otros usos<\/a>                                <\/div>\n                                                        <h5 class=\"pxl-post--title\">Edificio para Gimnasio, comedor y Sal\u00f3n de Actos en el Colegio de la Asunci\u00f3n<\/h5>\n                                                            <div class=\"pxl-post--content\">\n                                    Arquitectos: Miguel D\u00edaz y Negrete \/ Pablo Mart\u00edn Hevia \/ Romina Barbieri Petrelli                                <\/div>\n                                                                                        <div class=\"pxl-post--readmore\">\n                                    <a class=\"btn btn-text-parallax btn-icon-box\" href=\"https:\/\/pablomartinhevia.com\/en\/trabajos\/edificio-para-gimnasio-comedor-y-salon-de-actos-en-el-colegio-de-la-asuncion\/\">\n                                        <span class=\"pxl--btn-text\">Leer m\u00e1s<\/span>\n                                        <span class=\"pxl--btn-icon\"><i class=\"flaticon-up-right-arrow\"><\/i><\/span>\n                                    <\/a>\n                                <\/div>\n                                                    <\/div>\n                    <\/div>\n                <\/div>\n                                    <div class=\"pxl-grid-item col-xl-4 col-lg-4 col-md-6 col-sm-6 col-12 uso-deportivo otros-usos\">\n                    <div class=\"pxl-post--inner\" data-wow-duration=\"1.2s\">\n                                                <div class=\"pxl-post--featured hover-imge-effect3\">\n                            <a href=\"https:\/\/pablomartinhevia.com\/en\/trabajos\/ampliacion-del-edificio-de-club-social-de-real-club-de-golf-de-castiello\/\"><img loading=\"lazy\" decoding=\"async\" class=\"\" src=\"https:\/\/pablomartinhevia.com\/wp-content\/uploads\/2025\/07\/SAM_4563-scaled-600x600.jpg\" width=\"600\" height=\"600\" alt=\"Ampliaci\u00f3n del edificio de club social de Real Club de Golf de Castiello.\" title=\"\" \/><\/a>\n                        <\/div>\n                        <div class=\"pxl-post--holder\">\n                            <svg class=\"pxl-post--angle\" xmlns=\"http:\/\/www.w3.org\/2000\/svg\" width=\"100%\" viewbox=\"0 0 100 100\" version=\"1.1\" preserveaspectratio=\"none\"><path stroke=\"\" stroke-width=\"0\" d=\"M0 100 L100 0 L200 100\"><\/path><\/svg>\n                                                            <div class=\"pxl-post--category link-none\">\n                                    <a href=\"https:\/\/pablomartinhevia.com\/en\/tipos-de-construccion\/uso-deportivo\/\" rel=\"tag\">Deportivo, Terciario, Educacional<\/a> <a href=\"https:\/\/pablomartinhevia.com\/en\/tipos-de-construccion\/otros-usos\/\" rel=\"tag\">Otros usos<\/a>                                <\/div>\n                                                        <h5 class=\"pxl-post--title\">Ampliaci\u00f3n del edificio de club social de Real Club de Golf de Castiello<\/h5>\n                                                            <div class=\"pxl-post--content\">\n                                    Arquitecto: Pablo Mart\u00edn Hevia                                <\/div>\n                                                                                        <div class=\"pxl-post--readmore\">\n                                    <a class=\"btn btn-text-parallax btn-icon-box\" href=\"https:\/\/pablomartinhevia.com\/en\/trabajos\/ampliacion-del-edificio-de-club-social-de-real-club-de-golf-de-castiello\/\">\n                                        <span class=\"pxl--btn-text\">Leer m\u00e1s<\/span>\n                                        <span class=\"pxl--btn-icon\"><i class=\"flaticon-up-right-arrow\"><\/i><\/span>\n                                    <\/a>\n                                <\/div>\n                                                    <\/div>\n                    <\/div>\n                <\/div>\n                                    <div class=\"pxl-grid-item col-xl-4 col-lg-4 col-md-6 col-sm-6 col-12 uso-deportivo otros-usos\">\n                    <div class=\"pxl-post--inner\" data-wow-duration=\"1.2s\">\n                                                <div class=\"pxl-post--featured hover-imge-effect3\">\n                            <a href=\"https:\/\/pablomartinhevia.com\/en\/trabajos\/reforma-de-edifico-de-vestuarios-del-real-club-de-golf-de-castiello\/\"><img loading=\"lazy\" decoding=\"async\" class=\"\" src=\"https:\/\/pablomartinhevia.com\/wp-content\/uploads\/2025\/07\/SAM_4560-scaled-600x600.jpg\" width=\"600\" height=\"600\" alt=\"Reforma de edifico de vestuarios del Real Club de Golf de Castiello.\" title=\"\" \/><\/a>\n                        <\/div>\n                        <div class=\"pxl-post--holder\">\n                            <svg class=\"pxl-post--angle\" xmlns=\"http:\/\/www.w3.org\/2000\/svg\" width=\"100%\" viewbox=\"0 0 100 100\" version=\"1.1\" preserveaspectratio=\"none\"><path stroke=\"\" stroke-width=\"0\" d=\"M0 100 L100 0 L200 100\"><\/path><\/svg>\n                                                            <div class=\"pxl-post--category link-none\">\n                                    <a href=\"https:\/\/pablomartinhevia.com\/en\/tipos-de-construccion\/uso-deportivo\/\" rel=\"tag\">Deportivo, Terciario, Educacional<\/a> <a href=\"https:\/\/pablomartinhevia.com\/en\/tipos-de-construccion\/otros-usos\/\" rel=\"tag\">Otros usos<\/a>                                <\/div>\n                                                        <h5 class=\"pxl-post--title\">Reforma de edifico de vestuarios del Real Club de Golf de Castiello<\/h5>\n                                                            <div class=\"pxl-post--content\">\n                                    Arquitecto: Pablo Mart\u00edn Hevia                                <\/div>\n                                                                                        <div class=\"pxl-post--readmore\">\n                                    <a class=\"btn btn-text-parallax btn-icon-box\" href=\"https:\/\/pablomartinhevia.com\/en\/trabajos\/reforma-de-edifico-de-vestuarios-del-real-club-de-golf-de-castiello\/\">\n                                        <span class=\"pxl--btn-text\">Leer m\u00e1s<\/span>\n                                        <span class=\"pxl--btn-icon\"><i class=\"flaticon-up-right-arrow\"><\/i><\/span>\n                                    <\/a>\n                                <\/div>\n                                                    <\/div>\n                    <\/div>\n                <\/div>\n                                    <div class=\"pxl-grid-item col-xl-4 col-lg-4 col-md-6 col-sm-6 col-12 uso-deportivo otros-usos\">\n                    <div class=\"pxl-post--inner\" data-wow-duration=\"1.2s\">\n                                                <div class=\"pxl-post--featured hover-imge-effect3\">\n                            <a href=\"https:\/\/pablomartinhevia.com\/en\/trabajos\/edificio-para-educacion-infantil-en-el-colegio-de-la-asuncion\/\"><img loading=\"lazy\" decoding=\"async\" class=\"\" src=\"https:\/\/pablomartinhevia.com\/wp-content\/uploads\/2025\/07\/SAM_4552-600x600.jpg\" width=\"600\" height=\"600\" alt=\"Edificio para educaci\u00f3n infantil en el Colegio de la Asunci\u00f3n.\" title=\"\" \/><\/a>\n                        <\/div>\n                        <div class=\"pxl-post--holder\">\n                            <svg class=\"pxl-post--angle\" xmlns=\"http:\/\/www.w3.org\/2000\/svg\" width=\"100%\" viewbox=\"0 0 100 100\" version=\"1.1\" preserveaspectratio=\"none\"><path stroke=\"\" stroke-width=\"0\" d=\"M0 100 L100 0 L200 100\"><\/path><\/svg>\n                                                            <div class=\"pxl-post--category link-none\">\n                                    <a href=\"https:\/\/pablomartinhevia.com\/en\/tipos-de-construccion\/uso-deportivo\/\" rel=\"tag\">Deportivo, Terciario, Educacional<\/a> <a href=\"https:\/\/pablomartinhevia.com\/en\/tipos-de-construccion\/otros-usos\/\" rel=\"tag\">Otros usos<\/a>                                <\/div>\n                                                        <h5 class=\"pxl-post--title\">Edificio para educaci\u00f3n infantil en el Colegio de la Asunci\u00f3n<\/h5>\n                                                            <div class=\"pxl-post--content\">\n                                    Arquitectos: Miguel D\u00edaz y Negrete \/ Pablo Mart\u00edn Hevia                                <\/div>\n                                                                                        <div class=\"pxl-post--readmore\">\n                                    <a class=\"btn btn-text-parallax btn-icon-box\" href=\"https:\/\/pablomartinhevia.com\/en\/trabajos\/edificio-para-educacion-infantil-en-el-colegio-de-la-asuncion\/\">\n                                        <span class=\"pxl--btn-text\">Leer m\u00e1s<\/span>\n                                        <span class=\"pxl--btn-icon\"><i class=\"flaticon-up-right-arrow\"><\/i><\/span>\n                                    <\/a>\n                                <\/div>\n                                                    <\/div>\n                    <\/div>\n                <\/div>\n                                    <div class=\"pxl-grid-item col-xl-4 col-lg-4 col-md-6 col-sm-6 col-12 uso-deportivo otros-usos\">\n                    <div class=\"pxl-post--inner\" data-wow-duration=\"1.2s\">\n                                                <div class=\"pxl-post--featured hover-imge-effect3\">\n                            <a href=\"https:\/\/pablomartinhevia.com\/en\/trabajos\/edificio-complementario-para-pista-cubierta-en-la-escuela-de-futbol-de-mareo\/\"><img loading=\"lazy\" decoding=\"async\" class=\"\" src=\"https:\/\/pablomartinhevia.com\/wp-content\/uploads\/2025\/07\/sinimagen2-3-600x600.jpg\" width=\"600\" height=\"600\" alt=\"sin imagen\" title=\"\" \/><\/a>\n                        <\/div>\n                        <div class=\"pxl-post--holder\">\n                            <svg class=\"pxl-post--angle\" xmlns=\"http:\/\/www.w3.org\/2000\/svg\" width=\"100%\" viewbox=\"0 0 100 100\" version=\"1.1\" preserveaspectratio=\"none\"><path stroke=\"\" stroke-width=\"0\" d=\"M0 100 L100 0 L200 100\"><\/path><\/svg>\n                                                            <div class=\"pxl-post--category link-none\">\n                                    <a href=\"https:\/\/pablomartinhevia.com\/en\/tipos-de-construccion\/uso-deportivo\/\" rel=\"tag\">Deportivo, Terciario, Educacional<\/a> <a href=\"https:\/\/pablomartinhevia.com\/en\/tipos-de-construccion\/otros-usos\/\" rel=\"tag\">Otros usos<\/a>                                <\/div>\n                                                        <h5 class=\"pxl-post--title\">Edificio complementario para Pista Cubierta en la Escuela de f\u00fatbol de Mareo<\/h5>\n                                                            <div class=\"pxl-post--content\">\n                                    Arquitectos: Miguel D\u00edaz y Negrete \/ Pablo Mart\u00edn Hevia                                <\/div>\n                                                                                        <div class=\"pxl-post--readmore\">\n                                    <a class=\"btn btn-text-parallax btn-icon-box\" href=\"https:\/\/pablomartinhevia.com\/en\/trabajos\/edificio-complementario-para-pista-cubierta-en-la-escuela-de-futbol-de-mareo\/\">\n                                        <span class=\"pxl--btn-text\">Leer m\u00e1s<\/span>\n                                        <span class=\"pxl--btn-icon\"><i class=\"flaticon-up-right-arrow\"><\/i><\/span>\n                                    <\/a>\n                                <\/div>\n                                                    <\/div>\n                    <\/div>\n                <\/div>\n                                    <div class=\"pxl-grid-item col-xl-4 col-lg-4 col-md-6 col-sm-6 col-12 uso-deportivo otros-usos\">\n                    <div class=\"pxl-post--inner\" data-wow-duration=\"1.2s\">\n                                                <div class=\"pxl-post--featured hover-imge-effect3\">\n                            <a href=\"https:\/\/pablomartinhevia.com\/en\/trabajos\/nuevas-oficinas-de-la-camara-de-comercio-industria-y-navegacion-en-la-fidma\/\"><img loading=\"lazy\" decoding=\"async\" class=\"\" src=\"https:\/\/pablomartinhevia.com\/wp-content\/uploads\/2025\/07\/02D-scaled-600x600.jpg\" width=\"600\" height=\"600\" alt=\"Nuevas oficinas de la C\u00e1mara de Comercio, Industria y Navegaci\u00f3n, en la FIDMA\" title=\"\" \/><\/a>\n                        <\/div>\n                        <div class=\"pxl-post--holder\">\n                            <svg class=\"pxl-post--angle\" xmlns=\"http:\/\/www.w3.org\/2000\/svg\" width=\"100%\" viewbox=\"0 0 100 100\" version=\"1.1\" preserveaspectratio=\"none\"><path stroke=\"\" stroke-width=\"0\" d=\"M0 100 L100 0 L200 100\"><\/path><\/svg>\n                                                            <div class=\"pxl-post--category link-none\">\n                                    <a href=\"https:\/\/pablomartinhevia.com\/en\/tipos-de-construccion\/uso-deportivo\/\" rel=\"tag\">Deportivo, Terciario, Educacional<\/a> <a href=\"https:\/\/pablomartinhevia.com\/en\/tipos-de-construccion\/otros-usos\/\" rel=\"tag\">Otros usos<\/a>                                <\/div>\n                                                        <h5 class=\"pxl-post--title\">Nuevas oficinas de la C\u00e1mara de Comercio, Industria y Navegaci\u00f3n, en la FIDMA<\/h5>\n                                                            <div class=\"pxl-post--content\">\n                                    Arquitectos: Miguel D\u00edaz y Negrete \/ Pablo Mart\u00edn Hevia                                <\/div>\n                                                                                        <div class=\"pxl-post--readmore\">\n                                    <a class=\"btn btn-text-parallax btn-icon-box\" href=\"https:\/\/pablomartinhevia.com\/en\/trabajos\/nuevas-oficinas-de-la-camara-de-comercio-industria-y-navegacion-en-la-fidma\/\">\n                                        <span class=\"pxl--btn-text\">Leer m\u00e1s<\/span>\n                                        <span class=\"pxl--btn-icon\"><i class=\"flaticon-up-right-arrow\"><\/i><\/span>\n                                    <\/a>\n                                <\/div>\n                                                    <\/div>\n                    <\/div>\n                <\/div>\n                                    <div class=\"pxl-grid-item col-xl-4 col-lg-4 col-md-6 col-sm-6 col-12 uso-deportivo otros-usos\">\n                    <div class=\"pxl-post--inner\" data-wow-duration=\"1.2s\">\n                                                <div class=\"pxl-post--featured hover-imge-effect3\">\n                            <a href=\"https:\/\/pablomartinhevia.com\/en\/trabajos\/diversas-reformas-interiores-en-el-molinon\/\"><img loading=\"lazy\" decoding=\"async\" class=\"\" src=\"https:\/\/pablomartinhevia.com\/wp-content\/uploads\/2025\/07\/sinimagen2-3-600x600.jpg\" width=\"600\" height=\"600\" alt=\"sin imagen\" title=\"\" \/><\/a>\n                        <\/div>\n                        <div class=\"pxl-post--holder\">\n                            <svg class=\"pxl-post--angle\" xmlns=\"http:\/\/www.w3.org\/2000\/svg\" width=\"100%\" viewbox=\"0 0 100 100\" version=\"1.1\" preserveaspectratio=\"none\"><path stroke=\"\" stroke-width=\"0\" d=\"M0 100 L100 0 L200 100\"><\/path><\/svg>\n                                                            <div class=\"pxl-post--category link-none\">\n                                    <a href=\"https:\/\/pablomartinhevia.com\/en\/tipos-de-construccion\/uso-deportivo\/\" rel=\"tag\">Deportivo, Terciario, Educacional<\/a> <a href=\"https:\/\/pablomartinhevia.com\/en\/tipos-de-construccion\/otros-usos\/\" rel=\"tag\">Otros usos<\/a>                                <\/div>\n                                                        <h5 class=\"pxl-post--title\">Diversas Reformas Interiores en El Molin\u00f3n<\/h5>\n                                                            <div class=\"pxl-post--content\">\n                                    Arquitectos: Miguel D\u00edaz y Negrete \/ Mauro Castro Dura \/ Pablo Mart\u00edn Hevia                                <\/div>\n                                                                                        <div class=\"pxl-post--readmore\">\n                                    <a class=\"btn btn-text-parallax btn-icon-box\" href=\"https:\/\/pablomartinhevia.com\/en\/trabajos\/diversas-reformas-interiores-en-el-molinon\/\">\n                                        <span class=\"pxl--btn-text\">Leer m\u00e1s<\/span>\n                                        <span class=\"pxl--btn-icon\"><i class=\"flaticon-up-right-arrow\"><\/i><\/span>\n                                    <\/a>\n                                <\/div>\n                                                    <\/div>\n                    <\/div>\n                <\/div>\n                                    <div class=\"pxl-grid-item col-xl-4 col-lg-4 col-md-6 col-sm-6 col-12 uso-deportivo otros-usos\">\n                    <div class=\"pxl-post--inner\" data-wow-duration=\"1.2s\">\n                                                <div class=\"pxl-post--featured hover-imge-effect3\">\n                            <a href=\"https:\/\/pablomartinhevia.com\/en\/trabajos\/reparacion-de-las-cubiertas-en-el-molinon\/\"><img loading=\"lazy\" decoding=\"async\" class=\"\" src=\"https:\/\/pablomartinhevia.com\/wp-content\/uploads\/2025\/07\/Captura-de-pantalla-18-600x600.png\" width=\"600\" height=\"600\" alt=\"Reparaci\u00f3n de las Cubiertas en El Molin\u00f3n.\" title=\"\" \/><\/a>\n                        <\/div>\n                        <div class=\"pxl-post--holder\">\n                            <svg class=\"pxl-post--angle\" xmlns=\"http:\/\/www.w3.org\/2000\/svg\" width=\"100%\" viewbox=\"0 0 100 100\" version=\"1.1\" preserveaspectratio=\"none\"><path stroke=\"\" stroke-width=\"0\" d=\"M0 100 L100 0 L200 100\"><\/path><\/svg>\n                                                            <div class=\"pxl-post--category link-none\">\n                                    <a href=\"https:\/\/pablomartinhevia.com\/en\/tipos-de-construccion\/uso-deportivo\/\" rel=\"tag\">Deportivo, Terciario, Educacional<\/a> <a href=\"https:\/\/pablomartinhevia.com\/en\/tipos-de-construccion\/otros-usos\/\" rel=\"tag\">Otros usos<\/a>                                <\/div>\n                                                        <h5 class=\"pxl-post--title\">Reparaci\u00f3n de las Cubiertas en El Molin\u00f3n<\/h5>\n                                                            <div class=\"pxl-post--content\">\n                                    Arquitectos: Miguel D\u00edaz y Negrete \/ Mauro Castro Dura \/ Pablo Mart\u00edn Hevia                                <\/div>\n                                                                                        <div class=\"pxl-post--readmore\">\n                                    <a class=\"btn btn-text-parallax btn-icon-box\" href=\"https:\/\/pablomartinhevia.com\/en\/trabajos\/reparacion-de-las-cubiertas-en-el-molinon\/\">\n                                        <span class=\"pxl--btn-text\">Leer m\u00e1s<\/span>\n                                        <span class=\"pxl--btn-icon\"><i class=\"flaticon-up-right-arrow\"><\/i><\/span>\n                                    <\/a>\n                                <\/div>\n                                                    <\/div>\n                    <\/div>\n                <\/div>\n                                    <div class=\"pxl-grid-item col-xl-4 col-lg-4 col-md-6 col-sm-6 col-12 uso-deportivo otros-usos\">\n                    <div class=\"pxl-post--inner\" data-wow-duration=\"1.2s\">\n                                                <div class=\"pxl-post--featured hover-imge-effect3\">\n                            <a href=\"https:\/\/pablomartinhevia.com\/en\/trabajos\/edificio-complementario-para-pabellon-polivalente-en-la-escuela-de-futbol-de-mareo\/\"><img loading=\"lazy\" decoding=\"async\" class=\"\" src=\"https:\/\/pablomartinhevia.com\/wp-content\/uploads\/2025\/07\/sinimagen2-3-600x600.jpg\" width=\"600\" height=\"600\" alt=\"sin imagen\" title=\"\" \/><\/a>\n                        <\/div>\n                        <div class=\"pxl-post--holder\">\n                            <svg class=\"pxl-post--angle\" xmlns=\"http:\/\/www.w3.org\/2000\/svg\" width=\"100%\" viewbox=\"0 0 100 100\" version=\"1.1\" preserveaspectratio=\"none\"><path stroke=\"\" stroke-width=\"0\" d=\"M0 100 L100 0 L200 100\"><\/path><\/svg>\n                                                            <div class=\"pxl-post--category link-none\">\n                                    <a href=\"https:\/\/pablomartinhevia.com\/en\/tipos-de-construccion\/uso-deportivo\/\" rel=\"tag\">Deportivo, Terciario, Educacional<\/a> <a href=\"https:\/\/pablomartinhevia.com\/en\/tipos-de-construccion\/otros-usos\/\" rel=\"tag\">Otros usos<\/a>                                <\/div>\n                                                        <h5 class=\"pxl-post--title\">Edificio complementario para Pabell\u00f3n Polivalente en la Escuela de f\u00fatbol de Mareo<\/h5>\n                                                            <div class=\"pxl-post--content\">\n                                    Arquitectos: Miguel D\u00edaz y Negrete \/ Mauro Castro Dura \/ Pablo Mart\u00edn Hevia                                <\/div>\n                                                                                        <div class=\"pxl-post--readmore\">\n                                    <a class=\"btn btn-text-parallax btn-icon-box\" href=\"https:\/\/pablomartinhevia.com\/en\/trabajos\/edificio-complementario-para-pabellon-polivalente-en-la-escuela-de-futbol-de-mareo\/\">\n                                        <span class=\"pxl--btn-text\">Leer m\u00e1s<\/span>\n                                        <span class=\"pxl--btn-icon\"><i class=\"flaticon-up-right-arrow\"><\/i><\/span>\n                                    <\/a>\n                                <\/div>\n                                                    <\/div>\n                    <\/div>\n                <\/div>\n                                    <div class=\"pxl-grid-item col-xl-4 col-lg-4 col-md-6 col-sm-6 col-12 uso-deportivo otros-usos\">\n                    <div class=\"pxl-post--inner\" data-wow-duration=\"1.2s\">\n                                                <div class=\"pxl-post--featured hover-imge-effect3\">\n                            <a href=\"https:\/\/pablomartinhevia.com\/en\/trabajos\/reparaciones-de-edificio-existente-en-el-colegio-de-la-asuncion\/\"><img loading=\"lazy\" decoding=\"async\" class=\"\" src=\"https:\/\/pablomartinhevia.com\/wp-content\/uploads\/2025\/07\/sinimagen2-3-600x600.jpg\" width=\"600\" height=\"600\" alt=\"sin imagen\" title=\"\" \/><\/a>\n                        <\/div>\n                        <div class=\"pxl-post--holder\">\n                            <svg class=\"pxl-post--angle\" xmlns=\"http:\/\/www.w3.org\/2000\/svg\" width=\"100%\" viewbox=\"0 0 100 100\" version=\"1.1\" preserveaspectratio=\"none\"><path stroke=\"\" stroke-width=\"0\" d=\"M0 100 L100 0 L200 100\"><\/path><\/svg>\n                                                            <div class=\"pxl-post--category link-none\">\n                                    <a href=\"https:\/\/pablomartinhevia.com\/en\/tipos-de-construccion\/uso-deportivo\/\" rel=\"tag\">Deportivo, Terciario, Educacional<\/a> <a href=\"https:\/\/pablomartinhevia.com\/en\/tipos-de-construccion\/otros-usos\/\" rel=\"tag\">Otros usos<\/a>                                <\/div>\n                                                        <h5 class=\"pxl-post--title\">Reparaciones de edificio existente en el Colegio de la Asunci\u00f3n<\/h5>\n                                                            <div class=\"pxl-post--content\">\n                                    Arquitectos: Miguel D\u00edaz y Negrete \/ Mauro Castro Dura \/ Pablo Mart\u00edn Hevia                                <\/div>\n                                                                                        <div class=\"pxl-post--readmore\">\n                                    <a class=\"btn btn-text-parallax btn-icon-box\" href=\"https:\/\/pablomartinhevia.com\/en\/trabajos\/reparaciones-de-edificio-existente-en-el-colegio-de-la-asuncion\/\">\n                                        <span class=\"pxl--btn-text\">Leer m\u00e1s<\/span>\n                                        <span class=\"pxl--btn-icon\"><i class=\"flaticon-up-right-arrow\"><\/i><\/span>\n                                    <\/a>\n                                <\/div>\n                                                    <\/div>\n                    <\/div>\n                <\/div>\n                                    <div class=\"pxl-grid-item col-xl-4 col-lg-4 col-md-6 col-sm-6 col-12 uso-deportivo otros-usos\">\n                    <div class=\"pxl-post--inner\" data-wow-duration=\"1.2s\">\n                                                <div class=\"pxl-post--featured hover-imge-effect3\">\n                            <a href=\"https:\/\/pablomartinhevia.com\/en\/trabajos\/edificio-complementario-para-vestuario-prefabricado-en-la-escuela-de-futbol-de-mareo\/\"><img loading=\"lazy\" decoding=\"async\" class=\"\" src=\"https:\/\/pablomartinhevia.com\/wp-content\/uploads\/2025\/07\/sinimagen2-3-600x600.jpg\" width=\"600\" height=\"600\" alt=\"sin imagen\" title=\"\" \/><\/a>\n                        <\/div>\n                        <div class=\"pxl-post--holder\">\n                            <svg class=\"pxl-post--angle\" xmlns=\"http:\/\/www.w3.org\/2000\/svg\" width=\"100%\" viewbox=\"0 0 100 100\" version=\"1.1\" preserveaspectratio=\"none\"><path stroke=\"\" stroke-width=\"0\" d=\"M0 100 L100 0 L200 100\"><\/path><\/svg>\n                                                            <div class=\"pxl-post--category link-none\">\n                                    <a href=\"https:\/\/pablomartinhevia.com\/en\/tipos-de-construccion\/uso-deportivo\/\" rel=\"tag\">Deportivo, Terciario, Educacional<\/a> <a href=\"https:\/\/pablomartinhevia.com\/en\/tipos-de-construccion\/otros-usos\/\" rel=\"tag\">Otros usos<\/a>                                <\/div>\n                                                        <h5 class=\"pxl-post--title\">Edificio complementario para Vestuario Prefabricado en la Escuela de f\u00fatbol de Mareo<\/h5>\n                                                            <div class=\"pxl-post--content\">\n                                    Arquitectos: Miguel D\u00edaz y Negrete \/ Mauro Castro Dura \/ Pablo Mart\u00edn Hevia                                <\/div>\n                                                                                        <div class=\"pxl-post--readmore\">\n                                    <a class=\"btn btn-text-parallax btn-icon-box\" href=\"https:\/\/pablomartinhevia.com\/en\/trabajos\/edificio-complementario-para-vestuario-prefabricado-en-la-escuela-de-futbol-de-mareo\/\">\n                                        <span class=\"pxl--btn-text\">Leer m\u00e1s<\/span>\n                                        <span class=\"pxl--btn-icon\"><i class=\"flaticon-up-right-arrow\"><\/i><\/span>\n                                    <\/a>\n                                <\/div>\n                                                    <\/div>\n                    <\/div>\n                <\/div>\n                                    <div class=\"pxl-grid-item col-xl-4 col-lg-4 col-md-6 col-sm-6 col-12 uso-deportivo otros-usos\">\n                    <div class=\"pxl-post--inner\" data-wow-duration=\"1.2s\">\n                                                <div class=\"pxl-post--featured hover-imge-effect3\">\n                            <a href=\"https:\/\/pablomartinhevia.com\/en\/trabajos\/edificios-complementarios-8-cabanas-en-la-escuela-de-futbol-de-mareo\/\"><img loading=\"lazy\" decoding=\"async\" class=\"\" src=\"https:\/\/pablomartinhevia.com\/wp-content\/uploads\/2025\/07\/sinimagen2-3-600x600.jpg\" width=\"600\" height=\"600\" alt=\"sin imagen\" title=\"\" \/><\/a>\n                        <\/div>\n                        <div class=\"pxl-post--holder\">\n                            <svg class=\"pxl-post--angle\" xmlns=\"http:\/\/www.w3.org\/2000\/svg\" width=\"100%\" viewbox=\"0 0 100 100\" version=\"1.1\" preserveaspectratio=\"none\"><path stroke=\"\" stroke-width=\"0\" d=\"M0 100 L100 0 L200 100\"><\/path><\/svg>\n                                                            <div class=\"pxl-post--category link-none\">\n                                    <a href=\"https:\/\/pablomartinhevia.com\/en\/tipos-de-construccion\/uso-deportivo\/\" rel=\"tag\">Deportivo, Terciario, Educacional<\/a> <a href=\"https:\/\/pablomartinhevia.com\/en\/tipos-de-construccion\/otros-usos\/\" rel=\"tag\">Otros usos<\/a>                                <\/div>\n                                                        <h5 class=\"pxl-post--title\">Edificios complementarios, 8 caba\u00f1as, en la Escuela de f\u00fatbol de Mareo<\/h5>\n                                                            <div class=\"pxl-post--content\">\n                                    Arquitectos: Miguel D\u00edaz y Negrete \/ Mauro Castro Dura \/ Pablo Mart\u00edn Hevia                                <\/div>\n                                                                                        <div class=\"pxl-post--readmore\">\n                                    <a class=\"btn btn-text-parallax btn-icon-box\" href=\"https:\/\/pablomartinhevia.com\/en\/trabajos\/edificios-complementarios-8-cabanas-en-la-escuela-de-futbol-de-mareo\/\">\n                                        <span class=\"pxl--btn-text\">Leer m\u00e1s<\/span>\n                                        <span class=\"pxl--btn-icon\"><i class=\"flaticon-up-right-arrow\"><\/i><\/span>\n                                    <\/a>\n                                <\/div>\n                                                    <\/div>\n                    <\/div>\n                <\/div>\n                                    <div class=\"pxl-grid-item col-xl-4 col-lg-4 col-md-6 col-sm-6 col-12 sanitario-asistencial otros-usos\">\n                    <div class=\"pxl-post--inner\" data-wow-duration=\"1.2s\">\n                                                <div class=\"pxl-post--featured hover-imge-effect3\">\n                            <a href=\"https:\/\/pablomartinhevia.com\/en\/trabajos\/intervenciones-de-adecuacion-interior-en-el-centro-gerontologico-jovellanos\/\"><img loading=\"lazy\" decoding=\"async\" class=\"\" src=\"https:\/\/pablomartinhevia.com\/wp-content\/uploads\/2025\/07\/sinimagen3-600x600.jpg\" width=\"600\" height=\"600\" alt=\"sin imagen\" title=\"\" \/><\/a>\n                        <\/div>\n                        <div class=\"pxl-post--holder\">\n                            <svg class=\"pxl-post--angle\" xmlns=\"http:\/\/www.w3.org\/2000\/svg\" width=\"100%\" viewbox=\"0 0 100 100\" version=\"1.1\" preserveaspectratio=\"none\"><path stroke=\"\" stroke-width=\"0\" d=\"M0 100 L100 0 L200 100\"><\/path><\/svg>\n                                                            <div class=\"pxl-post--category link-none\">\n                                    <a href=\"https:\/\/pablomartinhevia.com\/en\/tipos-de-construccion\/sanitario-asistencial\/\" rel=\"tag\">Sanitario \/ Asistencial<\/a> <a href=\"https:\/\/pablomartinhevia.com\/en\/tipos-de-construccion\/otros-usos\/\" rel=\"tag\">Otros usos<\/a>                                <\/div>\n                                                        <h5 class=\"pxl-post--title\">Intervenciones de adecuaci\u00f3n interior en el Centro Gerontol\u00f3gico Jovellanos<\/h5>\n                                                            <div class=\"pxl-post--content\">\n                                    Arquitectos: Pablo Mart\u00edn Hevia \/ Ines D\u00edaz Negrete                                <\/div>\n                                                                                        <div class=\"pxl-post--readmore\">\n                                    <a class=\"btn btn-text-parallax btn-icon-box\" href=\"https:\/\/pablomartinhevia.com\/en\/trabajos\/intervenciones-de-adecuacion-interior-en-el-centro-gerontologico-jovellanos\/\">\n                                        <span class=\"pxl--btn-text\">Leer m\u00e1s<\/span>\n                                        <span class=\"pxl--btn-icon\"><i class=\"flaticon-up-right-arrow\"><\/i><\/span>\n                                    <\/a>\n                                <\/div>\n                                                    <\/div>\n                    <\/div>\n                <\/div>\n                                    <div class=\"pxl-grid-item col-xl-4 col-lg-4 col-md-6 col-sm-6 col-12 sanitario-asistencial otros-usos\">\n                    <div class=\"pxl-post--inner\" data-wow-duration=\"1.2s\">\n                                                <div class=\"pxl-post--featured hover-imge-effect3\">\n                            <a href=\"https:\/\/pablomartinhevia.com\/en\/trabajos\/local-para-la-fundacion-kovacs\/\"><img loading=\"lazy\" decoding=\"async\" class=\"\" src=\"https:\/\/pablomartinhevia.com\/wp-content\/uploads\/2025\/07\/SAM_4533-scaled-600x600.jpg\" width=\"600\" height=\"600\" alt=\"Local para la Fundaci\u00f3n Kovacs.\" title=\"\" \/><\/a>\n                        <\/div>\n                        <div class=\"pxl-post--holder\">\n                            <svg class=\"pxl-post--angle\" xmlns=\"http:\/\/www.w3.org\/2000\/svg\" width=\"100%\" viewbox=\"0 0 100 100\" version=\"1.1\" preserveaspectratio=\"none\"><path stroke=\"\" stroke-width=\"0\" d=\"M0 100 L100 0 L200 100\"><\/path><\/svg>\n                                                            <div class=\"pxl-post--category link-none\">\n                                    <a href=\"https:\/\/pablomartinhevia.com\/en\/tipos-de-construccion\/sanitario-asistencial\/\" rel=\"tag\">Sanitario \/ Asistencial<\/a> <a href=\"https:\/\/pablomartinhevia.com\/en\/tipos-de-construccion\/otros-usos\/\" rel=\"tag\">Otros usos<\/a>                                <\/div>\n                                                        <h5 class=\"pxl-post--title\">Cl\u00ednica para la Fundaci\u00f3n Kovacs<\/h5>\n                                                            <div class=\"pxl-post--content\">\n                                    Arquitectos: Miguel D\u00edaz y Negrete \/ Pablo Mart\u00edn Hevia                                <\/div>\n                                                                                        <div class=\"pxl-post--readmore\">\n                                    <a class=\"btn btn-text-parallax btn-icon-box\" href=\"https:\/\/pablomartinhevia.com\/en\/trabajos\/local-para-la-fundacion-kovacs\/\">\n                                        <span class=\"pxl--btn-text\">Leer m\u00e1s<\/span>\n                                        <span class=\"pxl--btn-icon\"><i class=\"flaticon-up-right-arrow\"><\/i><\/span>\n                                    <\/a>\n                                <\/div>\n                                                    <\/div>\n                    <\/div>\n                <\/div>\n                                    <div class=\"pxl-grid-item col-xl-4 col-lg-4 col-md-6 col-sm-6 col-12 sanitario-asistencial otros-usos\">\n                    <div class=\"pxl-post--inner\" data-wow-duration=\"1.2s\">\n                                                <div class=\"pxl-post--featured hover-imge-effect3\">\n                            <a href=\"https:\/\/pablomartinhevia.com\/en\/trabajos\/centro-social\/\"><img loading=\"lazy\" decoding=\"async\" class=\"\" src=\"https:\/\/pablomartinhevia.com\/wp-content\/uploads\/2025\/07\/sinimagen3-600x600.jpg\" width=\"600\" height=\"600\" alt=\"sin imagen\" title=\"\" \/><\/a>\n                        <\/div>\n                        <div class=\"pxl-post--holder\">\n                            <svg class=\"pxl-post--angle\" xmlns=\"http:\/\/www.w3.org\/2000\/svg\" width=\"100%\" viewbox=\"0 0 100 100\" version=\"1.1\" preserveaspectratio=\"none\"><path stroke=\"\" stroke-width=\"0\" d=\"M0 100 L100 0 L200 100\"><\/path><\/svg>\n                                                            <div class=\"pxl-post--category link-none\">\n                                    <a href=\"https:\/\/pablomartinhevia.com\/en\/tipos-de-construccion\/sanitario-asistencial\/\" rel=\"tag\">Sanitario \/ Asistencial<\/a> <a href=\"https:\/\/pablomartinhevia.com\/en\/tipos-de-construccion\/otros-usos\/\" rel=\"tag\">Otros usos<\/a>                                <\/div>\n                                                        <h5 class=\"pxl-post--title\">Centro Social<\/h5>\n                                                            <div class=\"pxl-post--content\">\n                                    Arquitectos: Miguel D\u00edaz y Negrete \/ Pablo Mart\u00edn Hevia                                <\/div>\n                                                                                        <div class=\"pxl-post--readmore\">\n                                    <a class=\"btn btn-text-parallax btn-icon-box\" href=\"https:\/\/pablomartinhevia.com\/en\/trabajos\/centro-social\/\">\n                                        <span class=\"pxl--btn-text\">Leer m\u00e1s<\/span>\n                                        <span class=\"pxl--btn-icon\"><i class=\"flaticon-up-right-arrow\"><\/i><\/span>\n                                    <\/a>\n                                <\/div>\n                                                    <\/div>\n                    <\/div>\n                <\/div>\n                                    <div class=\"pxl-grid-item col-xl-4 col-lg-4 col-md-6 col-sm-6 col-12 sanitario-asistencial otros-usos\">\n                    <div class=\"pxl-post--inner\" data-wow-duration=\"1.2s\">\n                                                <div class=\"pxl-post--featured hover-imge-effect3\">\n                            <a href=\"https:\/\/pablomartinhevia.com\/en\/trabajos\/centro-educativo-y-centro-ocupacional-angel-de-la-guarda\/\"><img loading=\"lazy\" decoding=\"async\" class=\"\" src=\"https:\/\/pablomartinhevia.com\/wp-content\/uploads\/2025\/07\/SAM_4559-scaled-600x600.jpg\" width=\"600\" height=\"600\" alt=\"Centro Educativo y Centro Ocupacional \u00c1ngel de la Guarda\" title=\"\" \/><\/a>\n                        <\/div>\n                        <div class=\"pxl-post--holder\">\n                            <svg class=\"pxl-post--angle\" xmlns=\"http:\/\/www.w3.org\/2000\/svg\" width=\"100%\" viewbox=\"0 0 100 100\" version=\"1.1\" preserveaspectratio=\"none\"><path stroke=\"\" stroke-width=\"0\" d=\"M0 100 L100 0 L200 100\"><\/path><\/svg>\n                                                            <div class=\"pxl-post--category link-none\">\n                                    <a href=\"https:\/\/pablomartinhevia.com\/en\/tipos-de-construccion\/sanitario-asistencial\/\" rel=\"tag\">Sanitario \/ Asistencial<\/a> <a href=\"https:\/\/pablomartinhevia.com\/en\/tipos-de-construccion\/otros-usos\/\" rel=\"tag\">Otros usos<\/a>                                <\/div>\n                                                        <h5 class=\"pxl-post--title\">Centro Educativo y Ocupacional \u00c1ngel de la Guarda<\/h5>\n                                                            <div class=\"pxl-post--content\">\n                                    Arqitectos: Miguel D\u00edaz y Negrete \/ Pablo Mart\u00edn Hevia \/Mauro Castro Dura                                <\/div>\n                                                                                        <div class=\"pxl-post--readmore\">\n                                    <a class=\"btn btn-text-parallax btn-icon-box\" href=\"https:\/\/pablomartinhevia.com\/en\/trabajos\/centro-educativo-y-centro-ocupacional-angel-de-la-guarda\/\">\n                                        <span class=\"pxl--btn-text\">Leer m\u00e1s<\/span>\n                                        <span class=\"pxl--btn-icon\"><i class=\"flaticon-up-right-arrow\"><\/i><\/span>\n                                    <\/a>\n                                <\/div>\n                                                    <\/div>\n                    <\/div>\n                <\/div>\n                                    <div class=\"pxl-grid-item col-xl-4 col-lg-4 col-md-6 col-sm-6 col-12 sanitario-asistencial otros-usos\">\n                    <div class=\"pxl-post--inner\" data-wow-duration=\"1.2s\">\n                                                <div class=\"pxl-post--featured hover-imge-effect3\">\n                            <a href=\"https:\/\/pablomartinhevia.com\/en\/trabajos\/locales-para-la-cocina-economica\/\"><img loading=\"lazy\" decoding=\"async\" class=\"\" src=\"https:\/\/pablomartinhevia.com\/wp-content\/uploads\/2025\/07\/sinimagen3-600x600.jpg\" width=\"600\" height=\"600\" alt=\"sin imagen\" title=\"\" \/><\/a>\n                        <\/div>\n                        <div class=\"pxl-post--holder\">\n                            <svg class=\"pxl-post--angle\" xmlns=\"http:\/\/www.w3.org\/2000\/svg\" width=\"100%\" viewbox=\"0 0 100 100\" version=\"1.1\" preserveaspectratio=\"none\"><path stroke=\"\" stroke-width=\"0\" d=\"M0 100 L100 0 L200 100\"><\/path><\/svg>\n                                                            <div class=\"pxl-post--category link-none\">\n                                    <a href=\"https:\/\/pablomartinhevia.com\/en\/tipos-de-construccion\/sanitario-asistencial\/\" rel=\"tag\">Sanitario \/ Asistencial<\/a> <a href=\"https:\/\/pablomartinhevia.com\/en\/tipos-de-construccion\/otros-usos\/\" rel=\"tag\">Otros usos<\/a>                                <\/div>\n                                                        <h5 class=\"pxl-post--title\">Talleres para la Cocina Econ\u00f3mica<\/h5>\n                                                            <div class=\"pxl-post--content\">\n                                    Arquitectos: Miguel D\u00edaz y Negrete \/ Pablo Mart\u00edn Hevia \/Mauro Castro Dura                                <\/div>\n                                                                                        <div class=\"pxl-post--readmore\">\n                                    <a class=\"btn btn-text-parallax btn-icon-box\" href=\"https:\/\/pablomartinhevia.com\/en\/trabajos\/locales-para-la-cocina-economica\/\">\n                                        <span class=\"pxl--btn-text\">Leer m\u00e1s<\/span>\n                                        <span class=\"pxl--btn-icon\"><i class=\"flaticon-up-right-arrow\"><\/i><\/span>\n                                    <\/a>\n                                <\/div>\n                                                    <\/div>\n                    <\/div>\n                <\/div>\n                                    <div class=\"pxl-grid-item col-xl-4 col-lg-4 col-md-6 col-sm-6 col-12 sanitario-asistencial otros-usos\">\n                    <div class=\"pxl-post--inner\" data-wow-duration=\"1.2s\">\n                                                <div class=\"pxl-post--featured hover-imge-effect3\">\n                            <a href=\"https:\/\/pablomartinhevia.com\/en\/trabajos\/intervenciones-de-adecuacion-interior-en-el-centro-gerontologico-jovellanos-2\/\"><img loading=\"lazy\" decoding=\"async\" class=\"\" src=\"https:\/\/pablomartinhevia.com\/wp-content\/uploads\/2025\/07\/sinimagen3-600x600.jpg\" width=\"600\" height=\"600\" alt=\"sin imagen\" title=\"\" \/><\/a>\n                        <\/div>\n                        <div class=\"pxl-post--holder\">\n                            <svg class=\"pxl-post--angle\" xmlns=\"http:\/\/www.w3.org\/2000\/svg\" width=\"100%\" viewbox=\"0 0 100 100\" version=\"1.1\" preserveaspectratio=\"none\"><path stroke=\"\" stroke-width=\"0\" d=\"M0 100 L100 0 L200 100\"><\/path><\/svg>\n                                                            <div class=\"pxl-post--category link-none\">\n                                    <a href=\"https:\/\/pablomartinhevia.com\/en\/tipos-de-construccion\/sanitario-asistencial\/\" rel=\"tag\">Sanitario \/ Asistencial<\/a> <a href=\"https:\/\/pablomartinhevia.com\/en\/tipos-de-construccion\/otros-usos\/\" rel=\"tag\">Otros usos<\/a>                                <\/div>\n                                                        <h5 class=\"pxl-post--title\">Diferentes adecuaciones para residencias de 3\u00aa Edad o piso tutelados<\/h5>\n                                                            <div class=\"pxl-post--content\">\n                                    Arquitectos: Pablo Mart\u00edn Hevia \/ In\u00e9s D\u00edaz-Negrete Palacio                                <\/div>\n                                                                                        <div class=\"pxl-post--readmore\">\n                                    <a class=\"btn btn-text-parallax btn-icon-box\" href=\"https:\/\/pablomartinhevia.com\/en\/trabajos\/intervenciones-de-adecuacion-interior-en-el-centro-gerontologico-jovellanos-2\/\">\n                                        <span class=\"pxl--btn-text\">Leer m\u00e1s<\/span>\n                                        <span class=\"pxl--btn-icon\"><i class=\"flaticon-up-right-arrow\"><\/i><\/span>\n                                    <\/a>\n                                <\/div>\n                                                    <\/div>\n                    <\/div>\n                <\/div>\n                                    <div class=\"pxl-grid-item col-xl-4 col-lg-4 col-md-6 col-sm-6 col-12 hostelero otros-usos\">\n                    <div class=\"pxl-post--inner\" data-wow-duration=\"1.2s\">\n                                                <div class=\"pxl-post--featured hover-imge-effect3\">\n                            <a href=\"https:\/\/pablomartinhevia.com\/en\/trabajos\/apartamentos-turisticos-edificio-de-servicios-comunes-y-piscina\/\"><img loading=\"lazy\" decoding=\"async\" class=\"\" src=\"https:\/\/pablomartinhevia.com\/wp-content\/uploads\/2025\/07\/SAM_4586-scaled-600x600.jpg\" width=\"600\" height=\"600\" alt=\"obra pablo martin\" title=\"\" \/><\/a>\n                        <\/div>\n                        <div class=\"pxl-post--holder\">\n                            <svg class=\"pxl-post--angle\" xmlns=\"http:\/\/www.w3.org\/2000\/svg\" width=\"100%\" viewbox=\"0 0 100 100\" version=\"1.1\" preserveaspectratio=\"none\"><path stroke=\"\" stroke-width=\"0\" d=\"M0 100 L100 0 L200 100\"><\/path><\/svg>\n                                                            <div class=\"pxl-post--category link-none\">\n                                    <a href=\"https:\/\/pablomartinhevia.com\/en\/tipos-de-construccion\/hostelero\/\" rel=\"tag\">Hostelero<\/a> <a href=\"https:\/\/pablomartinhevia.com\/en\/tipos-de-construccion\/otros-usos\/\" rel=\"tag\">Otros usos<\/a>                                <\/div>\n                                                        <h5 class=\"pxl-post--title\">14 Apartamentos tur\u00edsticos, Edificio de servicios comunes y piscina<\/h5>\n                                                            <div class=\"pxl-post--content\">\n                                    Arquitecto: Pablo Mart\u00edn Hevia                                <\/div>\n                                                                                        <div class=\"pxl-post--readmore\">\n                                    <a class=\"btn btn-text-parallax btn-icon-box\" href=\"https:\/\/pablomartinhevia.com\/en\/trabajos\/apartamentos-turisticos-edificio-de-servicios-comunes-y-piscina\/\">\n                                        <span class=\"pxl--btn-text\">Leer m\u00e1s<\/span>\n                                        <span class=\"pxl--btn-icon\"><i class=\"flaticon-up-right-arrow\"><\/i><\/span>\n                                    <\/a>\n                                <\/div>\n                                                    <\/div>\n                    <\/div>\n                <\/div>\n                                    <div class=\"pxl-grid-item col-xl-4 col-lg-4 col-md-6 col-sm-6 col-12 industrial otros-usos\">\n                    <div class=\"pxl-post--inner\" data-wow-duration=\"1.2s\">\n                                                <div class=\"pxl-post--featured hover-imge-effect3\">\n                            <a href=\"https:\/\/pablomartinhevia.com\/en\/trabajos\/nave-industrial-tremanes\/\"><img loading=\"lazy\" decoding=\"async\" class=\"\" src=\"https:\/\/pablomartinhevia.com\/wp-content\/uploads\/2025\/07\/sinimagen-1-600x600.jpg\" width=\"600\" height=\"600\" alt=\"sin imagen\" title=\"\" \/><\/a>\n                        <\/div>\n                        <div class=\"pxl-post--holder\">\n                            <svg class=\"pxl-post--angle\" xmlns=\"http:\/\/www.w3.org\/2000\/svg\" width=\"100%\" viewbox=\"0 0 100 100\" version=\"1.1\" preserveaspectratio=\"none\"><path stroke=\"\" stroke-width=\"0\" d=\"M0 100 L100 0 L200 100\"><\/path><\/svg>\n                                                            <div class=\"pxl-post--category link-none\">\n                                    <a href=\"https:\/\/pablomartinhevia.com\/en\/tipos-de-construccion\/industrial\/\" rel=\"tag\">Industrial<\/a> <a href=\"https:\/\/pablomartinhevia.com\/en\/tipos-de-construccion\/otros-usos\/\" rel=\"tag\">Otros usos<\/a>                                <\/div>\n                                                        <h5 class=\"pxl-post--title\">Nave industrial en Trema\u00f1es<\/h5>\n                                                            <div class=\"pxl-post--content\">\n                                    Arquitecto: Pablo Mart\u00edn Hevia                                <\/div>\n                                                                                        <div class=\"pxl-post--readmore\">\n                                    <a class=\"btn btn-text-parallax btn-icon-box\" href=\"https:\/\/pablomartinhevia.com\/en\/trabajos\/nave-industrial-tremanes\/\">\n                                        <span class=\"pxl--btn-text\">Leer m\u00e1s<\/span>\n                                        <span class=\"pxl--btn-icon\"><i class=\"flaticon-up-right-arrow\"><\/i><\/span>\n                                    <\/a>\n                                <\/div>\n                                                    <\/div>\n                    <\/div>\n                <\/div>\n                                    <div class=\"pxl-grid-item col-xl-4 col-lg-4 col-md-6 col-sm-6 col-12 industrial otros-usos\">\n                    <div class=\"pxl-post--inner\" data-wow-duration=\"1.2s\">\n                                                <div class=\"pxl-post--featured hover-imge-effect3\">\n                            <a href=\"https:\/\/pablomartinhevia.com\/en\/trabajos\/proyecto-basico-de-nave-industrial\/\"><img loading=\"lazy\" decoding=\"async\" class=\"\" src=\"https:\/\/pablomartinhevia.com\/wp-content\/uploads\/2025\/07\/sinimagen-1-600x600.jpg\" width=\"600\" height=\"600\" alt=\"sin imagen\" title=\"\" \/><\/a>\n                        <\/div>\n                        <div class=\"pxl-post--holder\">\n                            <svg class=\"pxl-post--angle\" xmlns=\"http:\/\/www.w3.org\/2000\/svg\" width=\"100%\" viewbox=\"0 0 100 100\" version=\"1.1\" preserveaspectratio=\"none\"><path stroke=\"\" stroke-width=\"0\" d=\"M0 100 L100 0 L200 100\"><\/path><\/svg>\n                                                            <div class=\"pxl-post--category link-none\">\n                                    <a href=\"https:\/\/pablomartinhevia.com\/en\/tipos-de-construccion\/industrial\/\" rel=\"tag\">Industrial<\/a> <a href=\"https:\/\/pablomartinhevia.com\/en\/tipos-de-construccion\/otros-usos\/\" rel=\"tag\">Otros usos<\/a>                                <\/div>\n                                                        <h5 class=\"pxl-post--title\">Proyecto b\u00e1sico de Nave Industrial<\/h5>\n                                                            <div class=\"pxl-post--content\">\n                                    Arquitectos: Miguel D\u00edaz y Negrete \/ Pablo Mart\u00edn Hevia                                <\/div>\n                                                                                        <div class=\"pxl-post--readmore\">\n                                    <a class=\"btn btn-text-parallax btn-icon-box\" href=\"https:\/\/pablomartinhevia.com\/en\/trabajos\/proyecto-basico-de-nave-industrial\/\">\n                                        <span class=\"pxl--btn-text\">Leer m\u00e1s<\/span>\n                                        <span class=\"pxl--btn-icon\"><i class=\"flaticon-up-right-arrow\"><\/i><\/span>\n                                    <\/a>\n                                <\/div>\n                                                    <\/div>\n                    <\/div>\n                <\/div>\n                                    <div class=\"pxl-grid-item col-xl-4 col-lg-4 col-md-6 col-sm-6 col-12 industrial otros-usos\">\n                    <div class=\"pxl-post--inner\" data-wow-duration=\"1.2s\">\n                                                <div class=\"pxl-post--featured hover-imge-effect3\">\n                            <a href=\"https:\/\/pablomartinhevia.com\/en\/trabajos\/intervencion-parcial-en-edificio-industrial\/\"><img loading=\"lazy\" decoding=\"async\" class=\"\" src=\"https:\/\/pablomartinhevia.com\/wp-content\/uploads\/2025\/07\/sinimagen-1-600x600.jpg\" width=\"600\" height=\"600\" alt=\"sin imagen\" title=\"\" \/><\/a>\n                        <\/div>\n                        <div class=\"pxl-post--holder\">\n                            <svg class=\"pxl-post--angle\" xmlns=\"http:\/\/www.w3.org\/2000\/svg\" width=\"100%\" viewbox=\"0 0 100 100\" version=\"1.1\" preserveaspectratio=\"none\"><path stroke=\"\" stroke-width=\"0\" d=\"M0 100 L100 0 L200 100\"><\/path><\/svg>\n                                                            <div class=\"pxl-post--category link-none\">\n                                    <a href=\"https:\/\/pablomartinhevia.com\/en\/tipos-de-construccion\/industrial\/\" rel=\"tag\">Industrial<\/a> <a href=\"https:\/\/pablomartinhevia.com\/en\/tipos-de-construccion\/otros-usos\/\" rel=\"tag\">Otros usos<\/a>                                <\/div>\n                                                        <h5 class=\"pxl-post--title\">Intervenci\u00f3n parcial en edificio industrial<\/h5>\n                                                            <div class=\"pxl-post--content\">\n                                    Arquitectos: Miguel D\u00edaz y Negrete \/ Pablo Mart\u00edn Hevia                                <\/div>\n                                                                                        <div class=\"pxl-post--readmore\">\n                                    <a class=\"btn btn-text-parallax btn-icon-box\" href=\"https:\/\/pablomartinhevia.com\/en\/trabajos\/intervencion-parcial-en-edificio-industrial\/\">\n                                        <span class=\"pxl--btn-text\">Leer m\u00e1s<\/span>\n                                        <span class=\"pxl--btn-icon\"><i class=\"flaticon-up-right-arrow\"><\/i><\/span>\n                                    <\/a>\n                                <\/div>\n                                                    <\/div>\n                    <\/div>\n                <\/div>\n                                    <div class=\"pxl-grid-item col-xl-4 col-lg-4 col-md-6 col-sm-6 col-12 industrial otros-usos\">\n                    <div class=\"pxl-post--inner\" data-wow-duration=\"1.2s\">\n                                                <div class=\"pxl-post--featured hover-imge-effect3\">\n                            <a href=\"https:\/\/pablomartinhevia.com\/en\/trabajos\/edificio-industrial-y-de-oficinas-tremanes\/\"><img loading=\"lazy\" decoding=\"async\" class=\"\" src=\"https:\/\/pablomartinhevia.com\/wp-content\/uploads\/2025\/07\/sinimagen-1-600x600.jpg\" width=\"600\" height=\"600\" alt=\"sin imagen\" title=\"\" \/><\/a>\n                        <\/div>\n                        <div class=\"pxl-post--holder\">\n                            <svg class=\"pxl-post--angle\" xmlns=\"http:\/\/www.w3.org\/2000\/svg\" width=\"100%\" viewbox=\"0 0 100 100\" version=\"1.1\" preserveaspectratio=\"none\"><path stroke=\"\" stroke-width=\"0\" d=\"M0 100 L100 0 L200 100\"><\/path><\/svg>\n                                                            <div class=\"pxl-post--category link-none\">\n                                    <a href=\"https:\/\/pablomartinhevia.com\/en\/tipos-de-construccion\/industrial\/\" rel=\"tag\">Industrial<\/a> <a href=\"https:\/\/pablomartinhevia.com\/en\/tipos-de-construccion\/otros-usos\/\" rel=\"tag\">Otros usos<\/a>                                <\/div>\n                                                        <h5 class=\"pxl-post--title\">Edificio industrial y de oficinas. Trema\u00f1es<\/h5>\n                                                            <div class=\"pxl-post--content\">\n                                    Arquitectos: Miguel D\u00cdaz y Negrete\/Ricardo Batalla Celorio\/Mauro Castro Dura\/Pablo Mart\u00cdn Hevia                                <\/div>\n                                                                                        <div class=\"pxl-post--readmore\">\n                                    <a class=\"btn btn-text-parallax btn-icon-box\" href=\"https:\/\/pablomartinhevia.com\/en\/trabajos\/edificio-industrial-y-de-oficinas-tremanes\/\">\n                                        <span class=\"pxl--btn-text\">Leer m\u00e1s<\/span>\n                                        <span class=\"pxl--btn-icon\"><i class=\"flaticon-up-right-arrow\"><\/i><\/span>\n                                    <\/a>\n                                <\/div>\n                                                    <\/div>\n                    <\/div>\n                <\/div>\n                            <div class=\"grid-sizer col-xl-4 col-lg-4 col-md-6 col-sm-6 col-12\"><\/div>\n        \n    <\/div>\n        <\/div>\t\t\t\t<\/div>\n\t\t\t\t<\/div>\n\t\t            <\/div>\r\n        <\/div>\r\n        \t\t\t<\/div>\n\t\t<\/section>\n\t\t\t\t<\/div>","protected":false},"excerpt":{"rendered":"<p>Todo Vivienda Bloque Abierto Vivienda Casco Urbano Vivienda unifamiliar Rehabilitaci\u00f3n Otros usos Vivienda Bloque Abierto Edificio de 47 viviendas, garaje y trasteros PROMOCIONES CAICOYA SL. Roces, 2021. Gij\u00f3n. Leer m\u00e1s Vivienda Bloque Abierto Edificio de 51 Viviendas y Garaje COTO DE LOS FERRANES SL. El Lauredal. Gij\u00f3n, 2.006. Leer m\u00e1s Vivienda Bloque Abierto Edificio de [&hellip;]<\/p>\n","protected":false},"author":1,"featured_media":4777,"parent":0,"menu_order":0,"comment_status":"closed","ping_status":"closed","template":"","meta":{"footnotes":""},"class_list":["post-98","page","type-page","status-publish","has-post-thumbnail","hentry"],"_links":{"self":[{"href":"https:\/\/pablomartinhevia.com\/en\/wp-json\/wp\/v2\/pages\/98","targetHints":{"allow":["GET"]}}],"collection":[{"href":"https:\/\/pablomartinhevia.com\/en\/wp-json\/wp\/v2\/pages"}],"about":[{"href":"https:\/\/pablomartinhevia.com\/en\/wp-json\/wp\/v2\/types\/page"}],"author":[{"embeddable":true,"href":"https:\/\/pablomartinhevia.com\/en\/wp-json\/wp\/v2\/users\/1"}],"replies":[{"embeddable":true,"href":"https:\/\/pablomartinhevia.com\/en\/wp-json\/wp\/v2\/comments?post=98"}],"version-history":[{"count":78,"href":"https:\/\/pablomartinhevia.com\/en\/wp-json\/wp\/v2\/pages\/98\/revisions"}],"predecessor-version":[{"id":7379,"href":"https:\/\/pablomartinhevia.com\/en\/wp-json\/wp\/v2\/pages\/98\/revisions\/7379"}],"wp:featuredmedia":[{"embeddable":true,"href":"https:\/\/pablomartinhevia.com\/en\/wp-json\/wp\/v2\/media\/4777"}],"wp:attachment":[{"href":"https:\/\/pablomartinhevia.com\/en\/wp-json\/wp\/v2\/media?parent=98"}],"curies":[{"name":"wp","href":"https:\/\/api.w.org\/{rel}","templated":true}]}}